{"id":14539,"date":"2022-05-17T11:11:00","date_gmt":"2022-05-17T09:11:00","guid":{"rendered":"http:\/\/dgeric.cultura.gov.it\/?post_type=corsi-di-formazione&#038;p=14539"},"modified":"2023-03-16T11:34:04","modified_gmt":"2023-03-16T10:34:04","slug":"amministrare-il-patrimonio-moduli-di-approfondimento-su-temi-amministrativo-contabili","status":"publish","type":"corsi-di-formazione","link":"https:\/\/dgeric.cultura.gov.it\/en\/corsi-di-formazione\/amministrare-il-patrimonio-moduli-di-approfondimento-su-temi-amministrativo-contabili\/","title":{"rendered":"Amministrare il patrimonio &#8211; Moduli di approfondimento su temi amministrativo-contabili"},"content":{"rendered":"\n<p><strong>La Direzione generale Educazione, ricerca e istituti culturali<\/strong> propone il percorso formativo<strong> Amministrare il Patrimonio<\/strong>, articolato in <strong>8&nbsp;moduli di approfondimento e 2 giornate laboratoriali sui temi amministrativo-contabili<\/strong>.<\/p>\n\n\n\n<p>L\u2019obiettivo \u00e8 quello di offrire un\u2019importante occasione di aggiornamento operativo su tematiche specifiche e altamente professionalizzanti in materia di bilancio dello Stato.<\/p>\n\n\n\n<p><strong>Argomenti dei moduli di approfondimento<\/strong>:<\/p>\n\n\n\n<ul class=\"wp-block-list\">\n<li><strong>Il Bilancio dello Stato &#8211; <a href=\"https:\/\/dger.beniculturali.it\/wp-content\/uploads\/2022\/05\/Programma-modulo-n.-1_Amministrare-il-patrimonio-LOCANDINA.pdf\">programma<\/a><\/strong><\/li>\n\n\n\n<li><strong>La procedura di spesa \u2013 Parte 1 &#8211; <a href=\"https:\/\/dger.beniculturali.it\/wp-content\/uploads\/2022\/05\/2.1-LA-PROCEDURA-DI-SPESA-Parte-1.pdf\">programma<\/a><\/strong><\/li>\n\n\n\n<li><strong>La procedura di spesa \u2013 Parte 2 &#8211; <a href=\"https:\/\/dger.beniculturali.it\/wp-content\/uploads\/2022\/05\/2.2.-LA-PROCEDURA-DI-SPESA-Parte-2-programma.pdf\">programma<\/a><\/strong><\/li>\n\n\n\n<li><strong>Giornata laboratoriale: La procedura di spesa &#8211; <a href=\"https:\/\/dger.beniculturali.it\/wp-content\/uploads\/2022\/05\/ATTIVITA-LABORATORIALE-La-procedura-di-spesa-programma-1.pdf\">programma<\/a><\/strong><\/li>\n\n\n\n<li><strong>I residui di gestione &#8211; <a href=\"https:\/\/dger.beniculturali.it\/wp-content\/uploads\/2022\/05\/3.-I-RESIDUI-DI-GESTIONE-programma.pdf\">programma<\/a><\/strong><\/li>\n\n\n\n<li><strong>La gestione dei residui passivi perenti &#8211; <a href=\"https:\/\/dger.beniculturali.it\/wp-content\/uploads\/2022\/05\/LA-GESTIONE-DEI-RESIDUI-PASSIVI-PERENTI-programma.pdf\">programma<\/a><\/strong><\/li>\n\n\n\n<li><strong>La gestione finanziaria dell\u2019ordinatore secondario, la figura del funzionario delegato &#8211; <a href=\"https:\/\/dger.beniculturali.it\/wp-content\/uploads\/2022\/05\/4.-LA-GESTIONE-FINANZIARIA-dellordinatore-secondario.pdf\">programma<\/a><\/strong><\/li>\n\n\n\n<li><strong>Giornata laboratoriale: La gestione finanziaria dell\u2019ordinatore secondario, la figura del funzionario delegato &#8211; <a href=\"https:\/\/dger.beniculturali.it\/wp-content\/uploads\/2022\/05\/ATTIVITA-LABORATORIALE-2-programma.pdf\">programma<\/a><\/strong><\/li>\n\n\n\n<li><strong>La gestione patrimoniale del Ministero &#8211; <a href=\"https:\/\/dger.beniculturali.it\/wp-content\/uploads\/2022\/05\/5.-LA-GESTIONE-PATRIMONIALE-DEL-MINISTERO.pdf\">programma<\/a><\/strong><\/li>\n\n\n\n<li><strong>Competenze accessorie e cedolino unico &#8211; <a href=\"https:\/\/dger.beniculturali.it\/wp-content\/uploads\/2022\/05\/6.-COMPETENZE-ACCESSORIE-E-CEDOLINO-UNICO-1.pdf\">programma<\/a><\/strong><\/li>\n\n\n\n<li><strong>La contabilit\u00e0 economica-analitica &#8211; <a href=\"https:\/\/dger.beniculturali.it\/wp-content\/uploads\/2022\/05\/7.-La-contabilita-economica-analitica-1.pdf\">programma<\/a><\/strong><\/li>\n<\/ul>\n\n\n\n<p>I moduli di approfondimento e i laboratori saranno fruibili, <strong>sia in diretta che in modalit\u00e0 on demand<\/strong>, secondo il calendario riportato nelle circolari <a href=\"https:\/\/dger.beniculturali.it\/wp-content\/uploads\/2022\/05\/N.23_Circolare-corsi-bilancio_Amministrare-il-Patrimonio-1.pdf\">DG-ERIC n. 23 del 17\/05\/2022<\/a>&nbsp;e <a href=\"https:\/\/dger.beniculturali.it\/wp-content\/uploads\/2022\/05\/Implementazione_Amministrare-il-patrimonio.pdf\" target=\"_blank\" rel=\"noreferrer noopener\">n.37 del 08\/09\/2022<\/a>, all\u2019interno della&nbsp;<strong>Piattaforma MOODLE del MiC.<\/strong><\/p>\n\n\n\n<p>Le&nbsp;<strong>iscrizioni<\/strong> dovranno pervenire, secondo le date pubblicate nelle circolari, sul&nbsp;<strong>Portale dei corsi MiC<\/strong>:&nbsp;<a href=\"https:\/\/portalecorsi.beniculturali.it\/portalecorsi2\/FE\/pagepubliclogin.aspx\" target=\"_blank\" rel=\"noreferrer noopener\">Portale dei Corsi (beniculturali.it)<\/a><\/p>\n\n\n\n<h4 class=\"wp-block-heading\"><strong>Destinatari<\/strong><\/h4>\n\n\n\n<p><strong>Personale MiC<\/strong> che svolge attivit\u00e0 inerenti alle tematiche del corso.<\/p>\n\n\n\n<h4 class=\"wp-block-heading\"><strong>Modalit\u00e0 di iscrizione e fruizione<\/strong><\/h4>\n\n\n\n<p>Le&nbsp;<strong>iscrizioni<\/strong> <strong>per i primi 7 moduli tematici<\/strong> sono state riaperte <strong>dal 7 al 16 settembre 2022<\/strong>&nbsp;&nbsp;esclusivamente sul&nbsp;<strong>Portale dei Corsi MiC<\/strong>:&nbsp;<a href=\"https:\/\/portalecorsi.beniculturali.it\/\">https:\/\/portalecorsi.beniculturali.it<\/a>.<br>Le <strong>iscrizioni<\/strong> per il <strong>modulo 8 e i 2 laboratori tematici<\/strong> sono aperte <strong>dal 12 al 30 settembre 2022<\/strong> esclusivamente sul&nbsp;<strong>Portale dei Corsi MiC<\/strong>:&nbsp;<a href=\"https:\/\/portalecorsi.beniculturali.it\/\">https:\/\/portalecorsi.beniculturali.it<\/a>.<\/p>\n\n\n\n<p>Si specifica che \u00e8 prevista <strong>una distinta iscrizione per ogni modulo<\/strong> di approfondimento <strong>e per le giornate laboratoriali<\/strong>.<\/p>\n\n\n\n<p>I&nbsp;<strong>moduli formativi e le giornate laboratoriali<\/strong> saranno fruibili sia in modalit\u00e0 in <strong>diretta<\/strong> che <strong>on demand <\/strong>a partire <strong>dal 14 giugno 2022<\/strong> <strong>al 28 febbraio 2023<\/strong> all\u2019interno della <strong>Piattaforma MOODLE<\/strong> del MiC:&nbsp;<a href=\"https:\/\/moodle.cultura.gov.it\/\">https:\/\/moodle.cultura.gov.it\/.<\/a><\/p>\n\n\n\n<p><strong>AVVISO per tutti i dipendenti MiC interessati alla fruizione del modulo: Amministrare il patrimonio &#8211; La procedura di spesa.<br><\/strong>Per la complessit\u00e0 dell&#8217;argomento, il modulo \u00e8 stato articolato in due distinte giornate, si informa che<strong> \u00e8 necessario iscriversi sia alla Parte 1 che alla Parte 2 ai fini del completamento del modulo stesso<\/strong>.<\/p>\n\n\n\n<h4 class=\"wp-block-heading\"><strong>Per maggiori informazioni<\/strong><\/h4>\n\n\n\n<p><a href=\"https:\/\/dger.beniculturali.it\/wp-content\/uploads\/2022\/05\/Implementazione_Amministrare-il-patrimonio.pdf\">Circolare DG-ERIC n.37 del 08\/09\/2022 &#8211; implementazione al programma con modulo tematico e attivit\u00e0 laboratoriali<\/a><\/p>\n\n\n\n<p><a href=\"https:\/\/dger.beniculturali.it\/wp-content\/uploads\/2022\/05\/Riapertura-termini_Amministrare-il-patrimonio.pdf\">Circolare DG-ERIC n.36 del 07\/09\/2022 &#8211; riapertura termini iscrizione<\/a><\/p>\n\n\n\n<p><a href=\"https:\/\/dger.beniculturali.it\/wp-content\/uploads\/2022\/05\/Riapertura-iscrizioni-corsi-bilancio_Amministrare-il-Patrimonio.pdf\">Circolare DG-ERIC n. 25 del 17\/06\/2022 &#8211; riapertura termini iscrizione<\/a><\/p>\n\n\n\n<p><a href=\"https:\/\/dger.beniculturali.it\/wp-content\/uploads\/2022\/05\/N.23_Circolare-corsi-bilancio_Amministrare-il-Patrimonio-1.pdf\">Circolare DG-ERIC n. 23 del 17\/05\/2022<\/a><\/p>\n\n\n\n<p><a href=\"https:\/\/dger.beniculturali.it\/wp-content\/uploads\/2022\/05\/Istruzioni-per-luso-della-Piattaforma-MOODLE.pdf\">Istruzioni per l&#8217;uso della Piattaforma MOODLE<\/a><\/p>\n\n\n\n<p><a href=\"http:\/\/dgeric.cultura.gov.it\/wp-content\/uploads\/2022\/05\/Programma-amministrare-il-patrimonio-1.pdf\">Programma aggiornato con implementazioni del 8.9.2022<\/a><\/p>\n\n\n\n<p><a href=\"https:\/\/dger.beniculturali.it\/wp-content\/uploads\/2022\/05\/Programma-Amministrare-il-patrimonio.pdf\">Programma<\/a><\/p>\n","protected":false},"excerpt":{"rendered":"<p>La Direzione generale Educazione, ricerca e istituti culturali propone il percorso formativo Amministrare il Patrimonio, articolato in 8&nbsp;moduli di approfondimento e 2 giornate laboratoriali sui &#8230; <\/p>\n","protected":false},"author":1,"featured_media":0,"comment_status":"open","ping_status":"closed","template":"","meta":{"footnotes":""},"categories":[3,180,18],"class_list":["post-14539","corsi-di-formazione","type-corsi-di-formazione","status-publish","hentry","category-amministrazione-e-contabilita","category-corsi-2022","category-in-evidenza"],"acf":[],"yoast_head":"<!-- This site is optimized with the Yoast SEO plugin v23.3 - https:\/\/yoast.com\/wordpress\/plugins\/seo\/ -->\n<title>Amministrare il patrimonio - Moduli di approfondimento su temi amministrativo-contabili - Direzione Generale Educazione, ricerca e istituti culturali<\/title>\n<meta name=\"robots\" content=\"index, follow, max-snippet:-1, max-image-preview:large, max-video-preview:-1\" \/>\n<link rel=\"canonical\" href=\"https:\/\/dgeric.cultura.gov.it\/en\/corsi-di-formazione\/amministrare-il-patrimonio-moduli-di-approfondimento-su-temi-amministrativo-contabili\/\" \/>\n<meta property=\"og:locale\" content=\"en_GB\" \/>\n<meta property=\"og:type\" content=\"article\" \/>\n<meta property=\"og:title\" content=\"Amministrare il patrimonio - Moduli di approfondimento su temi amministrativo-contabili - Direzione Generale Educazione, ricerca e istituti culturali\" \/>\n<meta property=\"og:description\" content=\"La Direzione generale Educazione, ricerca e istituti culturali propone il percorso formativo Amministrare il Patrimonio, articolato in 8&nbsp;moduli di approfondimento e 2 giornate laboratoriali sui ...\" \/>\n<meta property=\"og:url\" content=\"https:\/\/dgeric.cultura.gov.it\/en\/corsi-di-formazione\/amministrare-il-patrimonio-moduli-di-approfondimento-su-temi-amministrativo-contabili\/\" \/>\n<meta property=\"og:site_name\" content=\"Direzione Generale Educazione, ricerca e istituti culturali\" \/>\n<meta property=\"article:publisher\" content=\"https:\/\/www.facebook.com\/dger.web\" \/>\n<meta property=\"article:modified_time\" content=\"2023-03-16T10:34:04+00:00\" \/>\n<meta property=\"og:image\" content=\"https:\/\/dgeric.cultura.gov.it\/wp-content\/uploads\/2023\/04\/sito-09.png\" \/>\n\t<meta property=\"og:image:width\" content=\"2136\" \/>\n\t<meta property=\"og:image:height\" content=\"1396\" \/>\n\t<meta property=\"og:image:type\" content=\"image\/png\" \/>\n<meta name=\"twitter:card\" content=\"summary_large_image\" \/>\n<meta name=\"twitter:label1\" content=\"Estimated reading time\" \/>\n\t<meta name=\"twitter:data1\" content=\"3 minutes\" \/>\n<script type=\"application\/ld+json\" class=\"yoast-schema-graph\">{\"@context\":\"https:\/\/schema.org\",\"@graph\":[{\"@type\":\"WebPage\",\"@id\":\"https:\/\/dgeric.cultura.gov.it\/corsi-di-formazione\/amministrare-il-patrimonio-moduli-di-approfondimento-su-temi-amministrativo-contabili\/\",\"url\":\"https:\/\/dgeric.cultura.gov.it\/corsi-di-formazione\/amministrare-il-patrimonio-moduli-di-approfondimento-su-temi-amministrativo-contabili\/\",\"name\":\"Amministrare il patrimonio - Moduli di approfondimento su temi amministrativo-contabili - Direzione Generale Educazione, ricerca e istituti culturali\",\"isPartOf\":{\"@id\":\"https:\/\/dgeric.cultura.gov.it\/#website\"},\"datePublished\":\"2022-05-17T09:11:00+00:00\",\"dateModified\":\"2023-03-16T10:34:04+00:00\",\"breadcrumb\":{\"@id\":\"https:\/\/dgeric.cultura.gov.it\/corsi-di-formazione\/amministrare-il-patrimonio-moduli-di-approfondimento-su-temi-amministrativo-contabili\/#breadcrumb\"},\"inLanguage\":\"en-GB\",\"potentialAction\":[{\"@type\":\"ReadAction\",\"target\":[\"https:\/\/dgeric.cultura.gov.it\/corsi-di-formazione\/amministrare-il-patrimonio-moduli-di-approfondimento-su-temi-amministrativo-contabili\/\"]}]},{\"@type\":\"BreadcrumbList\",\"@id\":\"https:\/\/dgeric.cultura.gov.it\/corsi-di-formazione\/amministrare-il-patrimonio-moduli-di-approfondimento-su-temi-amministrativo-contabili\/#breadcrumb\",\"itemListElement\":[{\"@type\":\"ListItem\",\"position\":1,\"name\":\"Home\",\"item\":\"https:\/\/dgeric.cultura.gov.it\/\"},{\"@type\":\"ListItem\",\"position\":2,\"name\":\"Corsi di formazione\",\"item\":\"https:\/\/dgeric.cultura.gov.it\/en\/corsi-di-formazione\/\"},{\"@type\":\"ListItem\",\"position\":3,\"name\":\"Amministrare il patrimonio &#8211; Moduli di approfondimento su temi amministrativo-contabili\"}]},{\"@type\":\"WebSite\",\"@id\":\"https:\/\/dgeric.cultura.gov.it\/#website\",\"url\":\"https:\/\/dgeric.cultura.gov.it\/\",\"name\":\"Direzione Generale Educazione, ricerca e istituti culturali\",\"description\":\"Il nuovo sito web della Direzione generale Educazione, ricerca e istituti culturali del Ministero della cultura\",\"alternateName\":\"dgeric\",\"potentialAction\":[{\"@type\":\"SearchAction\",\"target\":{\"@type\":\"EntryPoint\",\"urlTemplate\":\"https:\/\/dgeric.cultura.gov.it\/?s={search_term_string}\"},\"query-input\":\"required name=search_term_string\"}],\"inLanguage\":\"en-GB\"}]}<\/script>\n<!-- \/ Yoast SEO plugin. -->","yoast_head_json":{"title":"Amministrare il patrimonio - Moduli di approfondimento su temi amministrativo-contabili - Direzione Generale Educazione, ricerca e istituti culturali","robots":{"index":"index","follow":"follow","max-snippet":"max-snippet:-1","max-image-preview":"max-image-preview:large","max-video-preview":"max-video-preview:-1"},"canonical":"https:\/\/dgeric.cultura.gov.it\/en\/corsi-di-formazione\/amministrare-il-patrimonio-moduli-di-approfondimento-su-temi-amministrativo-contabili\/","og_locale":"en_GB","og_type":"article","og_title":"Amministrare il patrimonio - Moduli di approfondimento su temi amministrativo-contabili - Direzione Generale Educazione, ricerca e istituti culturali","og_description":"La Direzione generale Educazione, ricerca e istituti culturali propone il percorso formativo Amministrare il Patrimonio, articolato in 8&nbsp;moduli di approfondimento e 2 giornate laboratoriali sui ...","og_url":"https:\/\/dgeric.cultura.gov.it\/en\/corsi-di-formazione\/amministrare-il-patrimonio-moduli-di-approfondimento-su-temi-amministrativo-contabili\/","og_site_name":"Direzione Generale Educazione, ricerca e istituti culturali","article_publisher":"https:\/\/www.facebook.com\/dger.web","article_modified_time":"2023-03-16T10:34:04+00:00","og_image":[{"width":2136,"height":1396,"url":"https:\/\/dgeric.cultura.gov.it\/wp-content\/uploads\/2023\/04\/sito-09.png","type":"image\/png"}],"twitter_card":"summary_large_image","twitter_misc":{"Estimated reading time":"3 minutes"},"schema":{"@context":"https:\/\/schema.org","@graph":[{"@type":"WebPage","@id":"https:\/\/dgeric.cultura.gov.it\/corsi-di-formazione\/amministrare-il-patrimonio-moduli-di-approfondimento-su-temi-amministrativo-contabili\/","url":"https:\/\/dgeric.cultura.gov.it\/corsi-di-formazione\/amministrare-il-patrimonio-moduli-di-approfondimento-su-temi-amministrativo-contabili\/","name":"Amministrare il patrimonio - Moduli di approfondimento su temi amministrativo-contabili - Direzione Generale Educazione, ricerca e istituti culturali","isPartOf":{"@id":"https:\/\/dgeric.cultura.gov.it\/#website"},"datePublished":"2022-05-17T09:11:00+00:00","dateModified":"2023-03-16T10:34:04+00:00","breadcrumb":{"@id":"https:\/\/dgeric.cultura.gov.it\/corsi-di-formazione\/amministrare-il-patrimonio-moduli-di-approfondimento-su-temi-amministrativo-contabili\/#breadcrumb"},"inLanguage":"en-GB","potentialAction":[{"@type":"ReadAction","target":["https:\/\/dgeric.cultura.gov.it\/corsi-di-formazione\/amministrare-il-patrimonio-moduli-di-approfondimento-su-temi-amministrativo-contabili\/"]}]},{"@type":"BreadcrumbList","@id":"https:\/\/dgeric.cultura.gov.it\/corsi-di-formazione\/amministrare-il-patrimonio-moduli-di-approfondimento-su-temi-amministrativo-contabili\/#breadcrumb","itemListElement":[{"@type":"ListItem","position":1,"name":"Home","item":"https:\/\/dgeric.cultura.gov.it\/"},{"@type":"ListItem","position":2,"name":"Corsi di formazione","item":"https:\/\/dgeric.cultura.gov.it\/en\/corsi-di-formazione\/"},{"@type":"ListItem","position":3,"name":"Amministrare il patrimonio &#8211; Moduli di approfondimento su temi amministrativo-contabili"}]},{"@type":"WebSite","@id":"https:\/\/dgeric.cultura.gov.it\/#website","url":"https:\/\/dgeric.cultura.gov.it\/","name":"Direzione Generale Educazione, ricerca e istituti culturali","description":"Il nuovo sito web della Direzione generale Educazione, ricerca e istituti culturali del Ministero della cultura","alternateName":"dgeric","potentialAction":[{"@type":"SearchAction","target":{"@type":"EntryPoint","urlTemplate":"https:\/\/dgeric.cultura.gov.it\/?s={search_term_string}"},"query-input":"required name=search_term_string"}],"inLanguage":"en-GB"}]}},"_links":{"self":[{"href":"https:\/\/dgeric.cultura.gov.it\/en\/wp-json\/wp\/v2\/corsi-di-formazione\/14539","targetHints":{"allow":["GET"]}}],"collection":[{"href":"https:\/\/dgeric.cultura.gov.it\/en\/wp-json\/wp\/v2\/corsi-di-formazione"}],"about":[{"href":"https:\/\/dgeric.cultura.gov.it\/en\/wp-json\/wp\/v2\/types\/corsi-di-formazione"}],"author":[{"embeddable":true,"href":"https:\/\/dgeric.cultura.gov.it\/en\/wp-json\/wp\/v2\/users\/1"}],"replies":[{"embeddable":true,"href":"https:\/\/dgeric.cultura.gov.it\/en\/wp-json\/wp\/v2\/comments?post=14539"}],"version-history":[{"count":3,"href":"https:\/\/dgeric.cultura.gov.it\/en\/wp-json\/wp\/v2\/corsi-di-formazione\/14539\/revisions"}],"predecessor-version":[{"id":16414,"href":"https:\/\/dgeric.cultura.gov.it\/en\/wp-json\/wp\/v2\/corsi-di-formazione\/14539\/revisions\/16414"}],"wp:attachment":[{"href":"https:\/\/dgeric.cultura.gov.it\/en\/wp-json\/wp\/v2\/media?parent=14539"}],"wp:term":[{"taxonomy":"category","embeddable":true,"href":"https:\/\/dgeric.cultura.gov.it\/en\/wp-json\/wp\/v2\/categories?post=14539"}],"curies":[{"name":"wp","href":"https:\/\/api.w.org\/{rel}","templated":true}]}}