{"id":26318,"date":"2024-09-10T15:51:00","date_gmt":"2024-09-10T13:51:00","guid":{"rendered":"https:\/\/dgeric.cultura.gov.it\/?post_type=corsi-nuovi&#038;p=26318"},"modified":"2024-09-12T15:12:45","modified_gmt":"2024-09-12T13:12:45","slug":"cug-inclusione-e-pari-opportunita","status":"publish","type":"corsi-nuovi","link":"https:\/\/dgeric.cultura.gov.it\/en\/corsi-formazione-nuovi\/cug-inclusione-e-pari-opportunita\/","title":{"rendered":"Il CUG volano di inclusione e di pari opportunit\u00e0 contro ogni tipo di violenza di genere per l\u2019amministrazione e il personale"},"content":{"rendered":"\n<p>Il <a href=\"https:\/\/cug.cultura.gov.it\/il-cug-volano-di-inclusione-e-di-pari-opportunita-contro-ogni-tipo-di-violenza-di-genere-per-lamministrazione-e-il-personale\/\">Comitato Unico di Garanzia del Ministero della Cultura,<\/a> con l\u2019apporto del <a href=\"https:\/\/www.miur.gov.it\/\">Ministero dell\u2019Istruzione e del Merito<\/a> e della <a href=\"https:\/\/portalecug.gov.it\/rete-nazionale-dei-cug\">Rete Nazionale dei CUG<\/a>, in collaborazione con la Direzione generale Educazione ricerca e istituti culturali, propone gli esiti del <strong>convegno<\/strong> che si \u00e8 svolto il 23 aprile 2024, presso la Sala della Crociera del MIC, per promuovere i temi dell&#8217;<strong>inclusione<\/strong> e delle <strong>pari opportunit\u00e0<\/strong>, della <strong>prevenzione delle discriminazioni e della violenza di genere<\/strong> all\u2019interno dell\u2019Amministrazione.<\/p>\n\n\n\n<p>Gli interventi in programma affrontano diversi argomenti, tra cui: la presentazione delle attivit\u00e0 dell&#8217;Osservatorio per la parit\u00e0 di genere e del Comitato nel corpo di Polizia penitenziaria; il testo unico di violenza di genere; il ruolo dei Comitati Unici di Garanzia; pratiche organizzative per le pari opportunit\u00e0 e inclusione.<\/p>\n\n\n\n<h4 class=\"wp-block-heading\">Destinatari<\/h4>\n\n\n\n<p>L\u2019attivit\u00e0 formativa \u00e8 rivolta a <strong>tutto il personale MiC<\/strong>. <br>Per <strong>coloro che hanno gi\u00e0 preso parte al convegno il 23 aprile 2024 e che hanno regolarmente attestato la propria presenza<\/strong> tramite i fogli firma presenti in sala, \u00e8 necessario, per la corretta attribuzione dei CFC e l\u2019emissione dell\u2019attestato, presentare regolare iscrizione tramite il Portale dei Corsi nei tempi e nelle modalit\u00e0 indicate dalla presente Circolare; non \u00e8, invece, necessario seguire nuovamente gli stessi contenuti on demand.<\/p>\n\n\n\n<h4 class=\"wp-block-heading\">Modalit\u00e0 di iscrizione e fruizione<\/h4>\n\n\n\n<p>Le iscrizioni sono aperte&nbsp;<strong>dall&#8217;11 settembre al 9 ottobre 2024<\/strong>&nbsp;esclusivamente sul&nbsp;<a href=\"https:\/\/portalecorsi.cultura.gov.it\/portalecorsi2\/FE\/pagepubliclogin.aspx\">Portale dei corsi MiC<\/a>. Si ricorda che la procedura di autorizzazione da parte del Dirigente sar\u00e0 possibile fino al 15 ottobre 2024.<br>Il corso sar\u00e0 fruibile<strong>&nbsp;in modalit\u00e0 on demand<\/strong>&nbsp;a partire&nbsp;<strong>dal 22 ottobre 2024 al 22 gennaio 2025<\/strong>, sulla&nbsp;<a href=\"https:\/\/e-lea.cultura.gov.it\/\">Piattaforma E-lea<\/a>.<\/p>\n","protected":false},"excerpt":{"rendered":"<p>Il Comitato Unico di Garanzia del Ministero della Cultura, con l\u2019apporto del Ministero dell\u2019Istruzione e del Merito e della Rete Nazionale dei CUG, in collaborazione &#8230; <\/p>\n","protected":false},"author":1,"featured_media":26343,"comment_status":"closed","ping_status":"closed","template":"","meta":{"footnotes":""},"categories":[179,208,190,15,18,189],"class_list":["post-26318","corsi-nuovi","type-corsi-nuovi","status-publish","has-post-thumbnail","hentry","category-corsi","category-corsi-2024","category-corsi-formazione","category-formazione","category-in-evidenza","category-tutti-articoli"],"acf":[],"yoast_head":"<!-- This site is optimized with the Yoast SEO plugin v23.3 - https:\/\/yoast.com\/wordpress\/plugins\/seo\/ -->\n<title>Il CUG volano di inclusione e di pari opportunit\u00e0 contro ogni tipo di violenza di genere per l\u2019amministrazione e il personale - Direzione Generale Educazione, ricerca e istituti culturali<\/title>\n<meta name=\"description\" content=\"Corso &quot;Il CUG volano di inclusione e di pari opportunit\u00e0 contro ogni tipo di violenza di genere per l\u2019amministrazione e il personale&quot;\" \/>\n<meta name=\"robots\" content=\"index, follow, max-snippet:-1, max-image-preview:large, max-video-preview:-1\" \/>\n<link rel=\"canonical\" href=\"https:\/\/dgeric.cultura.gov.it\/en\/corsi-formazione-nuovi\/cug-inclusione-e-pari-opportunita\/\" \/>\n<meta property=\"og:locale\" content=\"en_GB\" \/>\n<meta property=\"og:type\" content=\"article\" \/>\n<meta property=\"og:title\" content=\"Il CUG volano di inclusione e di pari opportunit\u00e0 contro ogni tipo di violenza di genere per l\u2019amministrazione e il personale - Direzione Generale Educazione, ricerca e istituti culturali\" \/>\n<meta property=\"og:description\" content=\"Corso &quot;Il CUG volano di inclusione e di pari opportunit\u00e0 contro ogni tipo di violenza di genere per l\u2019amministrazione e il personale&quot;\" \/>\n<meta property=\"og:url\" content=\"https:\/\/dgeric.cultura.gov.it\/en\/corsi-formazione-nuovi\/cug-inclusione-e-pari-opportunita\/\" \/>\n<meta property=\"og:site_name\" content=\"Direzione Generale Educazione, ricerca e istituti culturali\" \/>\n<meta property=\"article:publisher\" content=\"https:\/\/www.facebook.com\/dger.web\" \/>\n<meta property=\"article:modified_time\" content=\"2024-09-12T13:12:45+00:00\" \/>\n<meta property=\"og:image\" content=\"https:\/\/dgeric.cultura.gov.it\/wp-content\/uploads\/2024\/08\/CUG-immagine-corso.png\" \/>\n\t<meta property=\"og:image:width\" content=\"1639\" \/>\n\t<meta property=\"og:image:height\" content=\"924\" \/>\n\t<meta property=\"og:image:type\" content=\"image\/png\" \/>\n<meta name=\"twitter:card\" content=\"summary_large_image\" \/>\n<meta name=\"twitter:label1\" content=\"Estimated reading time\" \/>\n\t<meta name=\"twitter:data1\" content=\"2 minutes\" \/>\n<script type=\"application\/ld+json\" class=\"yoast-schema-graph\">{\"@context\":\"https:\/\/schema.org\",\"@graph\":[{\"@type\":\"WebPage\",\"@id\":\"https:\/\/dgeric.cultura.gov.it\/corsi-formazione-nuovi\/cug-inclusione-e-pari-opportunita\/\",\"url\":\"https:\/\/dgeric.cultura.gov.it\/corsi-formazione-nuovi\/cug-inclusione-e-pari-opportunita\/\",\"name\":\"Il CUG volano di inclusione e di pari opportunit\u00e0 contro ogni tipo di violenza di genere per l\u2019amministrazione e il personale - Direzione Generale Educazione, ricerca e istituti culturali\",\"isPartOf\":{\"@id\":\"https:\/\/dgeric.cultura.gov.it\/#website\"},\"primaryImageOfPage\":{\"@id\":\"https:\/\/dgeric.cultura.gov.it\/corsi-formazione-nuovi\/cug-inclusione-e-pari-opportunita\/#primaryimage\"},\"image\":{\"@id\":\"https:\/\/dgeric.cultura.gov.it\/corsi-formazione-nuovi\/cug-inclusione-e-pari-opportunita\/#primaryimage\"},\"thumbnailUrl\":\"https:\/\/dgeric.cultura.gov.it\/wp-content\/uploads\/2024\/08\/CUG-immagine-corso.png\",\"datePublished\":\"2024-09-10T13:51:00+00:00\",\"dateModified\":\"2024-09-12T13:12:45+00:00\",\"description\":\"Corso \\\"Il CUG volano di inclusione e di pari opportunit\u00e0 contro ogni tipo di violenza di genere per l\u2019amministrazione e il personale\\\"\",\"breadcrumb\":{\"@id\":\"https:\/\/dgeric.cultura.gov.it\/corsi-formazione-nuovi\/cug-inclusione-e-pari-opportunita\/#breadcrumb\"},\"inLanguage\":\"en-GB\",\"potentialAction\":[{\"@type\":\"ReadAction\",\"target\":[\"https:\/\/dgeric.cultura.gov.it\/corsi-formazione-nuovi\/cug-inclusione-e-pari-opportunita\/\"]}]},{\"@type\":\"ImageObject\",\"inLanguage\":\"en-GB\",\"@id\":\"https:\/\/dgeric.cultura.gov.it\/corsi-formazione-nuovi\/cug-inclusione-e-pari-opportunita\/#primaryimage\",\"url\":\"https:\/\/dgeric.cultura.gov.it\/wp-content\/uploads\/2024\/08\/CUG-immagine-corso.png\",\"contentUrl\":\"https:\/\/dgeric.cultura.gov.it\/wp-content\/uploads\/2024\/08\/CUG-immagine-corso.png\",\"width\":1639,\"height\":924,\"caption\":\"CUG Comitato Unico di Garanzia per le pari opportinit\u00e0\"},{\"@type\":\"BreadcrumbList\",\"@id\":\"https:\/\/dgeric.cultura.gov.it\/corsi-formazione-nuovi\/cug-inclusione-e-pari-opportunita\/#breadcrumb\",\"itemListElement\":[{\"@type\":\"ListItem\",\"position\":1,\"name\":\"Home\",\"item\":\"https:\/\/dgeric.cultura.gov.it\/\"},{\"@type\":\"ListItem\",\"position\":2,\"name\":\"Corsi nuovi\",\"item\":\"https:\/\/dgeric.cultura.gov.it\/en\/corsi-formazione-nuovi\/\"},{\"@type\":\"ListItem\",\"position\":3,\"name\":\"Il CUG volano di inclusione e di pari opportunit\u00e0 contro ogni tipo di violenza di genere per l\u2019amministrazione e il personale\"}]},{\"@type\":\"WebSite\",\"@id\":\"https:\/\/dgeric.cultura.gov.it\/#website\",\"url\":\"https:\/\/dgeric.cultura.gov.it\/\",\"name\":\"Direzione Generale Educazione, ricerca e istituti culturali\",\"description\":\"Il nuovo sito web della Direzione generale Educazione, ricerca e istituti culturali del Ministero della cultura\",\"alternateName\":\"dgeric\",\"potentialAction\":[{\"@type\":\"SearchAction\",\"target\":{\"@type\":\"EntryPoint\",\"urlTemplate\":\"https:\/\/dgeric.cultura.gov.it\/?s={search_term_string}\"},\"query-input\":\"required name=search_term_string\"}],\"inLanguage\":\"en-GB\"}]}<\/script>\n<!-- \/ Yoast SEO plugin. -->","yoast_head_json":{"title":"Il CUG volano di inclusione e di pari opportunit\u00e0 contro ogni tipo di violenza di genere per l\u2019amministrazione e il personale - Direzione Generale Educazione, ricerca e istituti culturali","description":"Corso \"Il CUG volano di inclusione e di pari opportunit\u00e0 contro ogni tipo di violenza di genere per l\u2019amministrazione e il personale\"","robots":{"index":"index","follow":"follow","max-snippet":"max-snippet:-1","max-image-preview":"max-image-preview:large","max-video-preview":"max-video-preview:-1"},"canonical":"https:\/\/dgeric.cultura.gov.it\/en\/corsi-formazione-nuovi\/cug-inclusione-e-pari-opportunita\/","og_locale":"en_GB","og_type":"article","og_title":"Il CUG volano di inclusione e di pari opportunit\u00e0 contro ogni tipo di violenza di genere per l\u2019amministrazione e il personale - Direzione Generale Educazione, ricerca e istituti culturali","og_description":"Corso \"Il CUG volano di inclusione e di pari opportunit\u00e0 contro ogni tipo di violenza di genere per l\u2019amministrazione e il personale\"","og_url":"https:\/\/dgeric.cultura.gov.it\/en\/corsi-formazione-nuovi\/cug-inclusione-e-pari-opportunita\/","og_site_name":"Direzione Generale Educazione, ricerca e istituti culturali","article_publisher":"https:\/\/www.facebook.com\/dger.web","article_modified_time":"2024-09-12T13:12:45+00:00","og_image":[{"width":1639,"height":924,"url":"https:\/\/dgeric.cultura.gov.it\/wp-content\/uploads\/2024\/08\/CUG-immagine-corso.png","type":"image\/png"}],"twitter_card":"summary_large_image","twitter_misc":{"Estimated reading time":"2 minutes"},"schema":{"@context":"https:\/\/schema.org","@graph":[{"@type":"WebPage","@id":"https:\/\/dgeric.cultura.gov.it\/corsi-formazione-nuovi\/cug-inclusione-e-pari-opportunita\/","url":"https:\/\/dgeric.cultura.gov.it\/corsi-formazione-nuovi\/cug-inclusione-e-pari-opportunita\/","name":"Il CUG volano di inclusione e di pari opportunit\u00e0 contro ogni tipo di violenza di genere per l\u2019amministrazione e il personale - Direzione Generale Educazione, ricerca e istituti culturali","isPartOf":{"@id":"https:\/\/dgeric.cultura.gov.it\/#website"},"primaryImageOfPage":{"@id":"https:\/\/dgeric.cultura.gov.it\/corsi-formazione-nuovi\/cug-inclusione-e-pari-opportunita\/#primaryimage"},"image":{"@id":"https:\/\/dgeric.cultura.gov.it\/corsi-formazione-nuovi\/cug-inclusione-e-pari-opportunita\/#primaryimage"},"thumbnailUrl":"https:\/\/dgeric.cultura.gov.it\/wp-content\/uploads\/2024\/08\/CUG-immagine-corso.png","datePublished":"2024-09-10T13:51:00+00:00","dateModified":"2024-09-12T13:12:45+00:00","description":"Corso \"Il CUG volano di inclusione e di pari opportunit\u00e0 contro ogni tipo di violenza di genere per l\u2019amministrazione e il personale\"","breadcrumb":{"@id":"https:\/\/dgeric.cultura.gov.it\/corsi-formazione-nuovi\/cug-inclusione-e-pari-opportunita\/#breadcrumb"},"inLanguage":"en-GB","potentialAction":[{"@type":"ReadAction","target":["https:\/\/dgeric.cultura.gov.it\/corsi-formazione-nuovi\/cug-inclusione-e-pari-opportunita\/"]}]},{"@type":"ImageObject","inLanguage":"en-GB","@id":"https:\/\/dgeric.cultura.gov.it\/corsi-formazione-nuovi\/cug-inclusione-e-pari-opportunita\/#primaryimage","url":"https:\/\/dgeric.cultura.gov.it\/wp-content\/uploads\/2024\/08\/CUG-immagine-corso.png","contentUrl":"https:\/\/dgeric.cultura.gov.it\/wp-content\/uploads\/2024\/08\/CUG-immagine-corso.png","width":1639,"height":924,"caption":"CUG Comitato Unico di Garanzia per le pari opportinit\u00e0"},{"@type":"BreadcrumbList","@id":"https:\/\/dgeric.cultura.gov.it\/corsi-formazione-nuovi\/cug-inclusione-e-pari-opportunita\/#breadcrumb","itemListElement":[{"@type":"ListItem","position":1,"name":"Home","item":"https:\/\/dgeric.cultura.gov.it\/"},{"@type":"ListItem","position":2,"name":"Corsi nuovi","item":"https:\/\/dgeric.cultura.gov.it\/en\/corsi-formazione-nuovi\/"},{"@type":"ListItem","position":3,"name":"Il CUG volano di inclusione e di pari opportunit\u00e0 contro ogni tipo di violenza di genere per l\u2019amministrazione e il personale"}]},{"@type":"WebSite","@id":"https:\/\/dgeric.cultura.gov.it\/#website","url":"https:\/\/dgeric.cultura.gov.it\/","name":"Direzione Generale Educazione, ricerca e istituti culturali","description":"Il nuovo sito web della Direzione generale Educazione, ricerca e istituti culturali del Ministero della cultura","alternateName":"dgeric","potentialAction":[{"@type":"SearchAction","target":{"@type":"EntryPoint","urlTemplate":"https:\/\/dgeric.cultura.gov.it\/?s={search_term_string}"},"query-input":"required name=search_term_string"}],"inLanguage":"en-GB"}]}},"_links":{"self":[{"href":"https:\/\/dgeric.cultura.gov.it\/en\/wp-json\/wp\/v2\/corsi-nuovi\/26318","targetHints":{"allow":["GET"]}}],"collection":[{"href":"https:\/\/dgeric.cultura.gov.it\/en\/wp-json\/wp\/v2\/corsi-nuovi"}],"about":[{"href":"https:\/\/dgeric.cultura.gov.it\/en\/wp-json\/wp\/v2\/types\/corsi-nuovi"}],"author":[{"embeddable":true,"href":"https:\/\/dgeric.cultura.gov.it\/en\/wp-json\/wp\/v2\/users\/1"}],"replies":[{"embeddable":true,"href":"https:\/\/dgeric.cultura.gov.it\/en\/wp-json\/wp\/v2\/comments?post=26318"}],"version-history":[{"count":26,"href":"https:\/\/dgeric.cultura.gov.it\/en\/wp-json\/wp\/v2\/corsi-nuovi\/26318\/revisions"}],"predecessor-version":[{"id":26610,"href":"https:\/\/dgeric.cultura.gov.it\/en\/wp-json\/wp\/v2\/corsi-nuovi\/26318\/revisions\/26610"}],"wp:featuredmedia":[{"embeddable":true,"href":"https:\/\/dgeric.cultura.gov.it\/en\/wp-json\/wp\/v2\/media\/26343"}],"wp:attachment":[{"href":"https:\/\/dgeric.cultura.gov.it\/en\/wp-json\/wp\/v2\/media?parent=26318"}],"wp:term":[{"taxonomy":"category","embeddable":true,"href":"https:\/\/dgeric.cultura.gov.it\/en\/wp-json\/wp\/v2\/categories?post=26318"}],"curies":[{"name":"wp","href":"https:\/\/api.w.org\/{rel}","templated":true}]}}