{"id":9008,"date":"2021-10-13T10:46:15","date_gmt":"2021-10-13T08:46:15","guid":{"rendered":"https:\/\/dger.beniculturali.it\/?page_id=9008"},"modified":"2024-12-23T15:06:49","modified_gmt":"2024-12-23T14:06:49","slug":"faq-circolare-dg-eric-contributi-annuali","status":"publish","type":"page","link":"https:\/\/dgeric.cultura.gov.it\/en\/faq-circolare-dg-eric-contributi-annuali\/","title":{"rendered":"FAQ circolare DGERIC n. 69 del 20 dicembre 2024"},"content":{"rendered":"<h6>FAQ RELATIVE ALL\u2019APPLICAZIONE DELLA <a href=\"https:\/\/dgeric.cultura.gov.it\/wp-content\/uploads\/2024\/12\/Circolare-DGERIC-69_2024-Contributi-annuali-Art.-8.pdf\">CIRCOLARE N. 69 DEL 20 DICEMBRE 2024<\/a> RECANTE &#8220;NORME PER L\u2019AMMISSIONE AI CONTRIBUTI STATALI ANNUALI PREVISTI DALL\u2019ARTICOLO 8 DELLA LEGGE 17 OTTOBRE 1996, N. 534 \u201cNUOVE NORME PER L\u2019EROGAZIONE DI CONTRIBUTI STATALI ALLE ISTITUZIONI CULTURALI\u201d<\/h6>\n<div id=\"accordionFlushExample\" class=\"accordion accordion-flush accordion-faq-wrapper\">\n<div class=\"accordion-item\">\n<h2 id=\"flush-headingOne\" class=\"accordion-header\"><button class=\"accordion-button collapsed accordion-tag-anchor\" type=\"button\" data-bs-toggle=\"collapse\" data-bs-target=\"#flush-collapseOne\" aria-expanded=\"false\" aria-controls=\"flush-collapseOne\"> 1. IS IT NECESSARY FOR THE PROPOSING ENTITY TO HAVE LEGAL STATUS TO APPLY? <\/button><\/h2>\n<div id=\"flush-collapseOne\" class=\"accordion-collapse collapse\" aria-labelledby=\"flush-headingOne\" data-bs-parent=\"#accordionFlushExample\">\n<div class=\"accordion-body\">No, it is not necessary for the proposing entity for the grant application for annual state grants to have legal status, based on article 8, law 534\/1996.  Attaching documentation of this is, therefore, optional.<\/div>\n<\/div>\n<\/div>\n<div class=\"accordion-item\">\n<h2 id=\"flush-headingTwo\" class=\"accordion-header\"><button class=\"accordion-button collapsed accordion-tag-anchor\" type=\"button\" data-bs-toggle=\"collapse\" data-bs-target=\"#flush-collapseTwo\" aria-expanded=\"false\" aria-controls=\"flush-collapseTwo\"> 2. WHO IS ELIGIBLE TO APPLY FOR ADMISSION TO ANNUAL STATE GRANTS UNDER FORMER ARTICLE 8, LAW 534\/1996? <\/button><\/h2>\n<div id=\"flush-collapseTwo\" class=\"accordion-collapse collapse\" aria-labelledby=\"flush-headingTwo\" data-bs-parent=\"#accordionFlushExample\">\n<div class=\"accordion-body\">Cos\u00ec come previsto dall\u2019art. 1 comma 1 della Circolare 69\/2024 sono ammessi a presentare la domanda, ai fini della valutazione per l\u2019ammissione ai contributi annuali, gli Istituti culturali senza fine di lucro, operanti su territorio nazionale, facenti esclusivamente parte dell\u2019ordinamento italiano, con codice fiscale italiano legalmente registrato, con finalit\u00e0, previste nello statuto e\/o presenti nell\u2019atto costitutivo, ove esistente, esclusivamente di carattere culturale, scientifico, politico ed economico e che, ai sensi dell\u2019art. 8 della legge 17 ottobre 1996, n. 534:<br \/>\n\u2013 svolgano la loro attivit\u00e0 da almeno un triennio;<br \/>\n\u2013 prestino rilevanti servizi in campo culturale;<br \/>\n\u2013 promuovano o svolgano attivit\u00e0 di ricerca, di organizzazione culturale e di produzione editoriale a carattere scientifico;<br \/>\n\u2013 svolgano la propria attivit\u00e0 sulla base di un programma almeno triennale e dispongano di attrezzature idonee per la sua realizzazione.<\/div>\n<\/div>\n<\/div>\n<div class=\"accordion-item\">\n<h2 id=\"flush-headingThree\" class=\"accordion-header\"><button class=\"accordion-button collapsed accordion-tag-anchor\" type=\"button\" data-bs-toggle=\"collapse\" data-bs-target=\"#flush-collapseThree\" aria-expanded=\"false\" aria-controls=\"flush-collapseThree\"> 3. <strong>A QUALI SOGGETTI \u00c8 PRECLUSO PRESENTARE DOMANDA? <\/strong><\/button><\/h2>\n<div id=\"flush-collapseThree\" class=\"accordion-collapse collapse\" aria-labelledby=\"flush-headingThree\" data-bs-parent=\"#accordionFlushExample\">\n<div class=\"accordion-body\"><span style=\"font-size: revert; color: initial;\">Sono esclusi dal contributo gli Istituti inseriti nella \u201cTabella Triennale\u201d ex art. 1 della legge 17 ottobre 1996, n. 534. \u00c8 inoltre preclusa la presentazione della domanda a: enti statali che non presentano composizione associativa (comprese relative articolazioni e ogni altro ente di loro appartenenza) Regioni ed enti locali, enti religiosi che appartengono all\u2019organizzazione gerarchica delle rispettive confessioni, universit\u00e0 e istituti di ogni ordine e grado.<\/span><\/div>\n<\/div>\n<div class=\"accordion-item\">\n<h2 id=\"flush-heading5\" class=\"accordion-header\"><button class=\"accordion-button collapsed accordion-tag-anchor\" type=\"button\" data-bs-toggle=\"collapse\" data-bs-target=\"#flush-collapse5\" aria-expanded=\"false\" aria-controls=\"flush-collapse5\">4. IS A DIGITAL SIGNATURE NECESSARY TO APPLY? <\/button><\/h2>\n<div id=\"flush-collapse5\" class=\"accordion-collapse collapse\" aria-labelledby=\"flush-heading5\" data-bs-parent=\"#accordionFlushExample\">\n<div class=\"accordion-body\">Yes, the application must be signed with a digital signature.<\/div>\n<\/div>\n<\/div>\n<div class=\"accordion-item\">\n<h2 id=\"flush-heading6\" class=\"accordion-header\"><button class=\"accordion-button collapsed accordion-tag-anchor\" type=\"button\" data-bs-toggle=\"collapse\" data-bs-target=\"#flush-collapse6\" aria-expanded=\"false\" aria-controls=\"flush-collapse6\">5. HOW IS THE APPLICATION SUBMITTED?<\/button><\/h2>\n<div id=\"flush-collapse6\" class=\"accordion-collapse collapse\" aria-labelledby=\"flush-heading6\" data-bs-parent=\"#accordionFlushExample\">\n<div class=\"accordion-body\">La domanda va presentata esclusivamente utilizzando la specifica applicazione informatica disponibile nel sito internet <a href=\"https:\/\/www.istitutidgeric.beniculturali.it\/\">https:\/\/www.istitutidgeric.beniculturali.it\/<\/a> seguendo le relative istruzioni formulate dal sistema informatico. <span style=\"font-size: revert; color: initial;\">Non sar\u00e0 presa in considerazione qualsiasi altra modalit\u00e0 di presentazione della domanda.<\/span><\/div>\n<\/div>\n<\/div>\n<div class=\"accordion-item\">\n<h2 id=\"flush-heading7\" class=\"accordion-header\"><button class=\"accordion-button collapsed accordion-tag-anchor\" type=\"button\" data-bs-toggle=\"collapse\" data-bs-target=\"#flush-collapse7\" aria-expanded=\"false\" aria-controls=\"flush-collapse7\"> 6. PER REGISTRARSI IN PIATTAFORMA \u00c8 NECESSARIO ESSER MUNITI DI SPID? <\/button><\/h2>\n<div id=\"flush-collapse7\" class=\"accordion-collapse collapse\" aria-labelledby=\"flush-heading7\" data-bs-parent=\"#accordionFlushExample\">\n<div class=\"accordion-body\">\n<p>La registrazione avverr\u00e0 esclusivamente tramite SPID.<\/p>\n<\/div>\n<\/div>\n<\/div>\n<div class=\"accordion-item\">\n<h2 id=\"flush-heading8\" class=\"accordion-header\"><button class=\"accordion-button collapsed accordion-tag-anchor\" type=\"button\" data-bs-toggle=\"collapse\" data-bs-target=\"#flush-collapse8\" aria-expanded=\"false\" aria-controls=\"flush-collapse8\"> 7. IS IT POSSIBLE TO REGISTER FOR THE PORTAL WITH AN EMAIL OR CERTIFIED EMAIL ADDRESS? <\/button><\/h2>\n<div id=\"flush-collapse8\" class=\"accordion-collapse collapse\" aria-labelledby=\"flush-heading8\" data-bs-parent=\"#accordionFlushExample\">\n<div class=\"accordion-body\"><span style=\"font-size: revert; color: initial;\">No. La registrazione sul portale deve essere fatta esclusivamente tramite SPID.<\/span><\/div>\n<\/div>\n<\/div>\n<div class=\"accordion-item\">\n<h2 id=\"flush-heading9\" class=\"accordion-header\"><button class=\"accordion-button collapsed accordion-tag-anchor\" type=\"button\" data-bs-toggle=\"collapse\" data-bs-target=\"#flush-collapse9\" aria-expanded=\"false\" aria-controls=\"flush-collapse9\"> 8. WHAT IS THE TIMEFRAME FOR SUBMITTING APPLICATIONS? <\/button><\/h2>\n<div id=\"flush-collapse9\" class=\"accordion-collapse collapse\" aria-labelledby=\"flush-heading9\" data-bs-parent=\"#accordionFlushExample\">\n<div class=\"accordion-body\">Grant applications must be submitted between 1 and 31 January each year. If the deadline falls on a weekend or holiday, the deadline is postponed to the first business day after that.<\/div>\n<\/div>\n<\/div>\n<div class=\"accordion-item\">\n<h2 id=\"flush-heading10\" class=\"accordion-header\"><button class=\"accordion-button collapsed accordion-tag-anchor\" type=\"button\" data-bs-toggle=\"collapse\" data-bs-target=\"#flush-collapse10\" aria-expanded=\"false\" aria-controls=\"flush-collapse10\"> 9. I DOCUMENTARI E I DOCUFILM SONO RICONDUCIBILI ALLE ATTIVITA\u2019 DI DIFFUSIONE CULTURALE A CUI FA RIFERIMENTO L\u2019ART. 6 COMMA 1 LETTERA G) DELLA CIRCOLARE?<\/button><\/h2>\n<div id=\"flush-collapse10\" class=\"accordion-collapse collapse\" aria-labelledby=\"flush-heading10\" data-bs-parent=\"#accordionFlushExample\">\n<div class=\"accordion-body\">Yes, documentaries and docufilms can be included among cultural dissemination activities linked to scientific outreach.<\/div>\n<\/div>\n<\/div>\n<div class=\"accordion-item\">\n<h2 id=\"flush-heading11\" class=\"accordion-header\"><button class=\"accordion-button collapsed accordion-tag-anchor\" type=\"button\" data-bs-toggle=\"collapse\" data-bs-target=\"#flush-collapse11\" aria-expanded=\"false\" aria-controls=\"flush-collapse11\"> 10. IS IT NECESSARY TO REPORT ON ACTIVITIES PERFORMED THANKS TO THE MINISTERIAL GRANT AWARDED? <\/button><\/h2>\n<div id=\"flush-collapse11\" class=\"accordion-collapse collapse\" aria-labelledby=\"flush-heading11\" data-bs-parent=\"#accordionFlushExample\">\n<div class=\"accordion-body\"><span style=\"font-size: revert; color: initial;\">Si, \u00e8 necessario rendicontare l\u2019attivit\u00e0 realizzata grazie al contributo ministeriale concesso. La rendicontazione riguarda esclusivamente l\u2019importo del contributo ricevuto per le attivit\u00e0 svolte. In caso di mancata o irregolare rendicontazione l\u2019Amministrazione si riserva di adottare provvedimenti previo parere degli Uffici di Collaborazione del Ministro.<\/span><\/div>\n<\/div>\n<\/div>\n<div class=\"accordion-item\">\n<h2 id=\"flush-heading12\" class=\"accordion-header\"><button class=\"accordion-button collapsed accordion-tag-anchor\" type=\"button\" data-bs-toggle=\"collapse\" data-bs-target=\"#flush-collapse12\" aria-expanded=\"false\" aria-controls=\"flush-collapse12\"> 11. WHAT IS THE TIMEFRAME WITHIN WHICH THIS REPORTING MUST BE SUBMITTED? <\/button><\/h2>\n<div id=\"flush-collapse12\" class=\"accordion-collapse collapse\" aria-labelledby=\"flush-heading12\" data-bs-parent=\"#accordionFlushExample\">\n<div class=\"accordion-body\">The deadline for reporting is set at no later than 180 days after the grant is received.<\/div>\n<\/div>\n<\/div>\n<div class=\"accordion-item\">\n<h2 id=\"flush-heading13\" class=\"accordion-header\"><button class=\"accordion-button collapsed accordion-tag-anchor\" type=\"button\" data-bs-toggle=\"collapse\" data-bs-target=\"#flush-collapse13\" aria-expanded=\"false\" aria-controls=\"flush-collapse13\"> 12. WHAT EXPENSES NEED TO BE INCLUDED IN THE REPORTING? <\/button><\/h2>\n<div id=\"flush-collapse13\" class=\"accordion-collapse collapse\" aria-labelledby=\"flush-heading13\" data-bs-parent=\"#accordionFlushExample\">\n<div class=\"accordion-body\"><span style=\"font-size: revert; color: initial;\">In base a quanto disposto dall\u2019art. 8 della Circolare n. 69\/2024, i beneficiari del contributo hanno l\u2019obbligo di trasmettere alla Direzione generale Educazione ricerca e istituti culturali un dettagliato rendiconto delle spese sostenute per la realizzazione delle attivit\u00e0 culturali proposte nella domanda di concessione. Sono escluse le spese per il funzionamento dell\u2019ente.<\/span><\/div>\n<\/div>\n<\/div>\n<div class=\"accordion-item\">\n<h2 id=\"flush-heading14\" class=\"accordion-header\"><button class=\"accordion-button collapsed accordion-tag-anchor\" type=\"button\" data-bs-toggle=\"collapse\" data-bs-target=\"#flush-collapse14\" aria-expanded=\"false\" aria-controls=\"flush-collapse14\"> 13. HOW SHOULD THE REPORT BE SUBMITTED? <\/button><\/h2>\n<div id=\"flush-collapse14\" class=\"accordion-collapse collapse\" aria-labelledby=\"flush-heading14\" data-bs-parent=\"#accordionFlushExample\">\n<div class=\"accordion-body\"><span style=\"font-size: revert; color: initial;\">Ai sensi dell\u2019art. 8 della Circolare n. 69\/2024 il contributo ministeriale deve essere rendicontato esclusivamente attraverso la piattaforma telematica, accessibile al seguente indirizzo: <\/span><a style=\"font-size: revert;\" href=\"https:\/\/www.istitutidgeric.beniculturali.it\/\">https:\/\/www.istitutidgeric.beniculturali.it\/<\/a><span style=\"font-size: revert; color: initial;\"> , accedendo alla sezione \u201c<\/span><strong style=\"font-size: revert; color: initial;\">Reporting of National Publications<\/strong><span style=\"font-size: revert; color: initial;\">\u201d.<\/span><\/div>\n<\/div>\n<\/div>\n<div class=\"accordion-item\">\n<h2 id=\"flush-heading15\" class=\"accordion-header\"><button class=\"accordion-button collapsed accordion-tag-anchor\" type=\"button\" data-bs-toggle=\"collapse\" data-bs-target=\"#flush-collapse15\" aria-expanded=\"false\" aria-controls=\"flush-collapse15\"> 14. CAN THE ANNUAL TABLE UNDER FORMER ARTICLE 8, LAW N.534\/1996 BE APPLIED FOR IF THE THREE-YEAR TABLE IN FORMER ART. 1, LAW 534\/1996 HAS ALREADY BEEN APPLIED FOR? <\/button><\/h2>\n<div id=\"flush-collapse15\" class=\"accordion-collapse collapse\" aria-labelledby=\"flush-heading15\" data-bs-parent=\"#accordionFlushExample\">\n<div class=\"accordion-body\">Yes, an application for Article 8 annual grants can be submitted while having already applied under Article 1. What is important is that the allocation of the two grants is not contemporaneous. As soon as the applicant has obtained the grant for the Three-Year Table, he\/she will be automatically disqualified by the Administration from the allocation of annual grants. Alternatively, in order to avoid this exclusion, the applicant may independently submit a waiver for one of the two grants he\/she could have received.<\/div>\n<\/div>\n<\/div>\n<div class=\"accordion-item\">\n<h2 id=\"flush-heading16\" class=\"accordion-header\"><button class=\"accordion-button collapsed accordion-tag-anchor\" type=\"button\" data-bs-toggle=\"collapse\" data-bs-target=\"#flush-collapse16\" aria-expanded=\"false\" aria-controls=\"flush-collapse16\"> 15. WHAT ARE THE EVALUATION CRITERIA FOR AWARDING THE GRANT? <\/button><\/h2>\n<div id=\"flush-collapse16\" class=\"accordion-collapse collapse\" aria-labelledby=\"flush-heading16\" data-bs-parent=\"#accordionFlushExample\">\n<div class=\"accordion-body\">The<span style=\"font-size: revert; color: initial;\">\u00a0criteri di valutazione per l\u2019assegnazione del contributo sono elencati in art. 6 della circolare 69\/2024.<\/span><\/div>\n<\/div>\n<\/div>\n<div class=\"accordion-item\">\n<h2 id=\"flush-heading17\" class=\"accordion-header\"><button class=\"accordion-button collapsed accordion-tag-anchor\" type=\"button\" data-bs-toggle=\"collapse\" data-bs-target=\"#flush-collapse17\" aria-expanded=\"false\" aria-controls=\"flush-collapse17\"> 16. DO ARTICLES OF INCORPORATION AND BYLAWS ALREADY SUBMITTED TO THE ADMINISTRATION IN THE APPLICATION STAGE IN PREVIOUS YEARS NEED TO BE INCLUDED IN THIS YEAR\u2019S APPLICATION? <\/button><\/h2>\n<div id=\"flush-collapse17\" class=\"accordion-collapse collapse\" aria-labelledby=\"flush-heading17\" data-bs-parent=\"#accordionFlushExample\">\n<div class=\"accordion-body\"><span style=\"font-size: revert; color: initial;\">Si, cos\u00ec come previsto dall\u2019art. 4 comma 1 lettera g) della Circolare 69\/2024, l\u2019atto costitutivo (ove esistente) e lo statuto devono essere allegati alla domanda pena esclusione. Infatti, sono sempre possibili modifiche, nel corso del tempo di cui l\u2019Amministrazione deve essere informata.<\/span><\/div>\n<\/div>\n<div class=\"accordion-item\">\n<h2 id=\"flush-heading18\" class=\"accordion-header\"><button class=\"accordion-button collapsed accordion-tag-anchor\" type=\"button\" data-bs-toggle=\"collapse\" data-bs-target=\"#flush-collapse18\" aria-expanded=\"false\" aria-controls=\"flush-collapse18\"> 17. <strong>A QUALE PERIODO SI RIFERISCE L\u2019ART. 4 COMMA 1 LETT. J) DELLA CIRCOLARE (TRIENNIO PRECEDENTE)? <\/strong><\/button><\/h2>\n<div id=\"flush-collapse18\" class=\"accordion-collapse collapse\" aria-labelledby=\"flush-heading18\" data-bs-parent=\"#accordionFlushExample\">\n<div class=\"accordion-body\">\n<p>Nell\u2019anno 2025, si fa riferimento al prospetto delle attivit\u00e0 svolte negli anni 2022, 2023 e 2024.<\/p>\n<\/div>\n<\/div>\n<\/div>\n<div class=\"accordion-item\">\n<h2 id=\"flush-heading19\" class=\"accordion-header\"><button class=\"accordion-button collapsed accordion-tag-anchor\" type=\"button\" data-bs-toggle=\"collapse\" data-bs-target=\"#flush-collapse19\" aria-expanded=\"false\" aria-controls=\"flush-collapse19\"> 18. <strong>A QUALE PERIODO FA RIFERIMENTO L\u2019ART. 4 COMMA 1 LETT. L) DELLA CIRCOLARE (TRIENNIO SUCCESSIVO)? <\/strong><\/button><\/h2>\n<div id=\"flush-collapse19\" class=\"accordion-collapse collapse\" aria-labelledby=\"flush-heading19\" data-bs-parent=\"#accordionFlushExample\">\n<div class=\"accordion-body\">\n<p>Nell\u2019anno 2025, si fa riferimento al prospetto delle attivit\u00e0 previste per gli anni 2026, 2027 e 2028.<\/p>\n<\/div>\n<\/div>\n<\/div>\n<div class=\"accordion-item\">\n<h2 id=\"flush-heading20\" class=\"accordion-header\"><button class=\"accordion-button collapsed accordion-tag-anchor\" type=\"button\" data-bs-toggle=\"collapse\" data-bs-target=\"#flush-collapse20\" aria-expanded=\"false\" aria-controls=\"flush-collapse20\"> 19. WHAT IS MEANT BY PLANNING FOR EACH YEAR OF THE THREE-YEAR PERIOD FOLLOWING THE YEAR TO WHICH THE GRANT APPLICATION REFERS TO?<\/button><\/h2>\n<div id=\"flush-collapse20\" class=\"accordion-collapse collapse\" aria-labelledby=\"flush-heading20\" data-bs-parent=\"#accordionFlushExample\">\n<div class=\"accordion-body\">Planning in this case means an explanation of the activities that will be performed in the following three-year period, divided by year.<\/div>\n<\/div>\n<\/div>\n<div class=\"accordion-item\">\n<h2 id=\"flush-heading21\" class=\"accordion-header\"><button class=\"accordion-button collapsed accordion-tag-anchor\" type=\"button\" data-bs-toggle=\"collapse\" data-bs-target=\"#flush-collapse21\" aria-expanded=\"false\" aria-controls=\"flush-collapse21\"> 20. WHAT DATA SHOULD BE INCLUDED IN THE ECONOMIC STATEMENT?<\/button><\/h2>\n<div id=\"flush-collapse21\" class=\"accordion-collapse collapse\" aria-labelledby=\"flush-heading21\" data-bs-parent=\"#accordionFlushExample\">\n<div class=\"accordion-body\"><span style=\"font-size: revert; color: initial;\">All\u2019interno della piattaforma telematica, nella sezione \u201c<\/span><strong style=\"font-size: revert; color: initial;\">Prospetto economico\u201d<\/strong><span style=\"font-size: revert; color: initial;\">, il richiedente deve inserire le voci di costo relative alle attivit\u00e0 culturali e le entrate riconducibili alle stesse, cos\u00ec come specificato nei men\u00f9 delle sottosezioni.<\/span><\/div>\n<\/div>\n<\/div>\n<div class=\"accordion-item\">\n<h2 id=\"flush-heading22\" class=\"accordion-header\"><button class=\"accordion-button collapsed accordion-tag-anchor\" type=\"button\" data-bs-toggle=\"collapse\" data-bs-target=\"#flush-collapse22\" aria-expanded=\"false\" aria-controls=\"flush-collapse22\"> 21. <strong>IN RELAZIONE AI FONDI RICHIEDIBILI CI SONO DEI MASSIMALI DA RISPETTARE?<\/strong><\/button><\/h2>\n<div id=\"flush-collapse22\" class=\"accordion-collapse collapse\" aria-labelledby=\"flush-heading22\" data-bs-parent=\"#accordionFlushExample\">\n<div class=\"accordion-body\"><span style=\"font-size: revert; color: initial;\">No, non sono previsti dei limiti alla richiesta. L\u2019 assegnazione del contributo a ciascuna domanda ammessa, avverr\u00e0 sulla base dei punteggi di valutazione attribuiti dalla Commissione e dal relativo piano di ripartizione, nei limiti delle risorse di bilancio.<\/span><\/div>\n<\/div>\n<\/div>\n<div class=\"accordion-item\">\n<h2 id=\"flush-heading23\" class=\"accordion-header\"><button class=\"accordion-button collapsed accordion-tag-anchor\" type=\"button\" data-bs-toggle=\"collapse\" data-bs-target=\"#flush-collapse23\" aria-expanded=\"false\" aria-controls=\"flush-collapse23\"> 22. <strong>IL PRESIDENTE DELL\u2019ASSOCIAZIONE PU\u00d2 DELEGARE UN ALTRO MEMBRO DEL DIRETTIVO A SOTTOSCRIVERE DIGITALMENTE LA DOMANDA? <\/strong><\/button><\/h2>\n<div id=\"flush-collapse23\" class=\"accordion-collapse collapse\" aria-labelledby=\"flush-heading23\" data-bs-parent=\"#accordionFlushExample\">\n<div class=\"accordion-body\"><span style=\"font-size: revert; color: initial;\">S\u00ec. La domanda pu\u00f2 essere firmata digitalmente anche da un legale rappresentante ma in questo caso \u00e8 richiesta un\u2019apposita delega conferente poteri di firma (art. 4 commi 2 e 3 della circolare 69\/2024).<\/span><\/div>\n<\/div>\n<\/div>\n<div class=\"accordion-item\">\n<h2 id=\"flush-heading24\" class=\"accordion-header\"><button class=\"accordion-button collapsed accordion-tag-anchor\" type=\"button\" data-bs-toggle=\"collapse\" data-bs-target=\"#flush-collapse24\" aria-expanded=\"false\" aria-controls=\"flush-collapse24\"> 23. DOVE SI PU<strong>\u00d2<\/strong> REPERIRE &#8220;LA DICHIARAZIONE DELL&#8217;ATTESTAZIONE DELLA TITOLARIT<strong>\u00c0<\/strong> DELLA CARICA DI RAPPRESENTANTE LEGALE&#8221;?\u00a0<\/button><\/h2>\n<div id=\"flush-collapse24\" class=\"accordion-collapse collapse\" aria-labelledby=\"flush-heading24\" data-bs-parent=\"#accordionFlushExample\">\n<div class=\"accordion-body\"><span style=\"font-size: revert; color: initial;\">La dichiarazione dell\u2019attestazione della titolarit\u00e0 della carica del legale rappresentante \u00e8 presente all\u2019 interno della piattaforma nella sezione \u201c<\/span><strong style=\"font-size: revert; color: initial;\">Dati ente<\/strong><span style=\"font-size: revert; color: initial;\">\u201d<\/span><strong style=\"font-size: revert; color: initial;\">.<\/strong><\/div>\n<\/div>\n<\/div>\n<div class=\"accordion-item\">\n<h2 id=\"flush-heading25\" class=\"accordion-header\"><button class=\"accordion-button collapsed accordion-tag-anchor\" type=\"button\" data-bs-toggle=\"collapse\" data-bs-target=\"#flush-collapse25\" aria-expanded=\"false\" aria-controls=\"flush-collapse25\"> 24. <strong>\u00c8 SEMPRE POSSIBILE RITORNARE ALL\u2019INTERNO DELLA DOMANDA APPORTANDO MODIFICHE FINTANTO CHE NON SI FINALIZZA L\u2019INVIO DELLA STESSA?<\/strong><\/button><\/h2>\n<div id=\"flush-collapse25\" class=\"accordion-collapse collapse\" aria-labelledby=\"flush-heading25\" data-bs-parent=\"#accordionFlushExample\">\n<div class=\"accordion-body\"><span style=\"font-size: revert; color: initial;\">S\u00ec, \u00e8 sempre possibile apportare modificare finch\u00e9 non si perfeziona l\u2019invio della domanda attraverso l\u2019apposita procedura.<\/span><\/div>\n<\/div>\n<\/div>\n<div class=\"accordion-item\">\n<h2 id=\"flush-heading26\" class=\"accordion-header\"><button class=\"accordion-button collapsed accordion-tag-anchor\" type=\"button\" data-bs-toggle=\"collapse\" data-bs-target=\"#flush-collapse26\" aria-expanded=\"false\" aria-controls=\"flush-collapse26\"> 25. <strong>\u00c8 <\/strong>POSSIBILE STAMPARE LA BOZZA PRIMA DEL PRIMO INVIO?<\/button><\/h2>\n<div id=\"flush-collapse26\" class=\"accordion-collapse collapse\" aria-labelledby=\"flush-heading26\" data-bs-parent=\"#accordionFlushExample\">\n<div class=\"accordion-body\"><span style=\"font-size: revert; color: initial;\">Si, \u00e8 possibile stampare la bozza della domanda cliccando il bottone \u201c<\/span><strong style=\"font-size: revert; color: initial;\">Stampa in bozza<\/strong><span style=\"font-size: revert; color: initial;\">\u201d nella sezione \u201c<\/span><strong style=\"font-size: revert; color: initial;\">Le mie domande<\/strong><span style=\"font-size: revert; color: initial;\">\u201d della home oppure nella scheda della domanda. Si precisa che tale versione presenta la filigrana \u201cbozza\u201d.<\/span><\/div>\n<\/div>\n<\/div>\n<div class=\"accordion-item\">\n<h2 id=\"flush-heading27\" class=\"accordion-header\"><button class=\"accordion-button collapsed accordion-tag-anchor\" type=\"button\" data-bs-toggle=\"collapse\" data-bs-target=\"#flush-collapse27\" aria-expanded=\"false\" aria-controls=\"flush-collapse27\"> 26. <strong>IN FASE DI COMPILAZIONE DELLA DOMANDA IN QUALE CATEGORIA PU\u00d2 ESSERE INSERITA LA RICHIESTA DI CONTRIBUTO PER MOSTRE, CONCERTI E SPETTACOLI?<\/strong><\/button><\/h2>\n<div id=\"flush-collapse27\" class=\"accordion-collapse collapse\" aria-labelledby=\"flush-heading27\" data-bs-parent=\"#accordionFlushExample\">\n<div class=\"accordion-body\"><span style=\"font-size: revert; color: initial;\">La richiesta di contributo per mostre, concerti e spettacoli pu\u00f2 essere inserita all\u2019interno della categoria \u201c<\/span><strong style=\"font-size: revert; color: initial;\">Attivit\u00e0 di diffusione culturale<\/strong><span style=\"font-size: revert; color: initial;\">\u201d.<\/span><\/div>\n<\/div>\n<\/div>\n<div class=\"accordion-item\">\n<h2 id=\"flush-heading28\" class=\"accordion-header\"><button class=\"accordion-button collapsed accordion-tag-anchor\" type=\"button\" data-bs-toggle=\"collapse\" data-bs-target=\"#flush-collapse28\" aria-expanded=\"false\" aria-controls=\"flush-collapse18\"> 27. COSA SI INTENDE PER OPERE CONSULTABILI DA REMOTO?<\/button><\/h2>\n<div id=\"flush-collapse28\" class=\"accordion-collapse collapse\" aria-labelledby=\"flush-heading28\" data-bs-parent=\"#accordionFlushExample\">\n<div class=\"accordion-body\"><span style=\"font-size: revert; color: initial;\">Per opera consultabile da remoto si intende un testo scritto, un film o qualsiasi opera per cui sia consentita la fruizione on line, sia tramite accesso aperto che tramite download del formato digitale disponibile per un tempo limitato (es. 14 giorni) ovvero tramite risorse open scaricabili e liberamente utilizzabili.<\/span><\/div>\n<\/div>\n<\/div>\n<div class=\"accordion-item\">\n<h2 id=\"flush-heading29\" class=\"accordion-header\"><button class=\"accordion-button collapsed accordion-tag-anchor\" type=\"button\" data-bs-toggle=\"collapse\" data-bs-target=\"#flush-collapse29\" aria-expanded=\"false\" aria-controls=\"flush-collapse29\"> 28. <strong>COSA PREVEDE LA LEGGE 124\/2017?<\/strong><\/button><\/h2>\n<div id=\"flush-collapse29\" class=\"accordion-collapse collapse\" aria-labelledby=\"flush-heading29\" data-bs-parent=\"#accordionFlushExample\">\n<div class=\"accordion-body\"><span style=\"font-size: revert; color: initial;\">The law n. 124\/2017, as amended by Article 34 of D.L. 34\/19 and converted with law n. 58\/19, provides for the mandatory online publication of information on any public funding received by the applicant.<\/span><\/div>\n<\/div>\n<\/div>\n<div class=\"accordion-item\"><\/div>\n<div class=\"accordion-item\">\n<div id=\"flush-collapse31\" class=\"accordion-collapse collapse\" aria-labelledby=\"flush-heading31\" data-bs-parent=\"#accordionFlushExample\">\n<div class=\"accordion-body\"><\/div>\n<\/div>\n<\/div>\n<p style=\"text-align: right;\">Data di aggiornamento: 23 dicembre 2024<\/p>\n<\/div>\n<\/div>\n<\/div>","protected":false},"excerpt":{"rendered":"<p>FAQ RELATIVE ALL\u2019APPLICAZIONE DELLA CIRCOLARE N. 69 DEL 20 DICEMBRE 2024 RECANTE &#8220;NORME PER L\u2019AMMISSIONE AI CONTRIBUTI STATALI ANNUALI PREVISTI DALL\u2019ARTICOLO 8 DELLA LEGGE 17 &#8230; <\/p>","protected":false},"author":1,"featured_media":0,"parent":0,"menu_order":0,"comment_status":"closed","ping_status":"closed","template":"","meta":{"footnotes":""},"class_list":["post-9008","page","type-page","status-publish","hentry"],"acf":[],"yoast_head":"<!-- This site is optimized with the Yoast SEO plugin v23.3 - https:\/\/yoast.com\/wordpress\/plugins\/seo\/ -->\n<title>FAQ circolare DGERIC n. 69 del 20 dicembre 2024 - Direzione Generale Educazione, ricerca e istituti culturali<\/title>\n<meta name=\"description\" content=\"Faq relative alla circolare circolari DG-ERIC recanti \u201cNorme per l&#039;ammissione ai contributi statali annuali previsti dall&#039;art.8 della legge 17 ottobre 1996, n. 543&quot;\" \/>\n<meta name=\"robots\" content=\"index, follow, max-snippet:-1, max-image-preview:large, max-video-preview:-1\" \/>\n<link rel=\"canonical\" href=\"https:\/\/dgeric.cultura.gov.it\/en\/faq-circolare-dg-eric-contributi-annuali\/\" \/>\n<meta property=\"og:locale\" content=\"en_GB\" \/>\n<meta property=\"og:type\" content=\"article\" \/>\n<meta property=\"og:title\" content=\"FAQ circolare DGERIC n. 69 del 20 dicembre 2024 - Direzione Generale Educazione, ricerca e istituti culturali\" \/>\n<meta property=\"og:description\" content=\"Faq relative alla circolare circolari DG-ERIC recanti \u201cNorme per l&#039;ammissione ai contributi statali annuali previsti dall&#039;art.8 della legge 17 ottobre 1996, n. 543&quot;\" \/>\n<meta property=\"og:url\" content=\"https:\/\/dgeric.cultura.gov.it\/en\/faq-circolare-dg-eric-contributi-annuali\/\" \/>\n<meta property=\"og:site_name\" content=\"Direzione Generale Educazione, ricerca e istituti culturali\" \/>\n<meta property=\"article:publisher\" content=\"https:\/\/www.facebook.com\/dger.web\" \/>\n<meta property=\"article:modified_time\" content=\"2024-12-23T14:06:49+00:00\" \/>\n<meta property=\"og:image\" content=\"https:\/\/dgeric.cultura.gov.it\/wp-content\/uploads\/2023\/04\/sito-09.png\" \/>\n\t<meta property=\"og:image:width\" content=\"2136\" \/>\n\t<meta property=\"og:image:height\" content=\"1396\" \/>\n\t<meta property=\"og:image:type\" content=\"image\/png\" \/>\n<meta name=\"twitter:card\" content=\"summary_large_image\" \/>\n<meta name=\"twitter:label1\" content=\"Estimated reading time\" \/>\n\t<meta name=\"twitter:data1\" content=\"8 minutes\" \/>\n<script type=\"application\/ld+json\" class=\"yoast-schema-graph\">{\"@context\":\"https:\/\/schema.org\",\"@graph\":[{\"@type\":\"WebPage\",\"@id\":\"https:\/\/dgeric.cultura.gov.it\/faq-circolare-dg-eric-contributi-annuali\/\",\"url\":\"https:\/\/dgeric.cultura.gov.it\/faq-circolare-dg-eric-contributi-annuali\/\",\"name\":\"FAQ circolare DGERIC n. 69 del 20 dicembre 2024 - Direzione Generale Educazione, ricerca e istituti culturali\",\"isPartOf\":{\"@id\":\"https:\/\/dgeric.cultura.gov.it\/#website\"},\"datePublished\":\"2021-10-13T08:46:15+00:00\",\"dateModified\":\"2024-12-23T14:06:49+00:00\",\"description\":\"Faq relative alla circolare circolari DG-ERIC recanti \u201cNorme per l'ammissione ai contributi statali annuali previsti dall'art.8 della legge 17 ottobre 1996, n. 543\\\"\",\"breadcrumb\":{\"@id\":\"https:\/\/dgeric.cultura.gov.it\/faq-circolare-dg-eric-contributi-annuali\/#breadcrumb\"},\"inLanguage\":\"en-GB\",\"potentialAction\":[{\"@type\":\"ReadAction\",\"target\":[\"https:\/\/dgeric.cultura.gov.it\/faq-circolare-dg-eric-contributi-annuali\/\"]}]},{\"@type\":\"BreadcrumbList\",\"@id\":\"https:\/\/dgeric.cultura.gov.it\/faq-circolare-dg-eric-contributi-annuali\/#breadcrumb\",\"itemListElement\":[{\"@type\":\"ListItem\",\"position\":1,\"name\":\"Home\",\"item\":\"https:\/\/dgeric.cultura.gov.it\/\"},{\"@type\":\"ListItem\",\"position\":2,\"name\":\"FAQ circolare DGERIC n. 69 del 20 dicembre 2024\"}]},{\"@type\":\"WebSite\",\"@id\":\"https:\/\/dgeric.cultura.gov.it\/#website\",\"url\":\"https:\/\/dgeric.cultura.gov.it\/\",\"name\":\"Direzione Generale Educazione, ricerca e istituti culturali\",\"description\":\"Il nuovo sito web della Direzione generale Educazione, ricerca e istituti culturali del Ministero della cultura\",\"alternateName\":\"dgeric\",\"potentialAction\":[{\"@type\":\"SearchAction\",\"target\":{\"@type\":\"EntryPoint\",\"urlTemplate\":\"https:\/\/dgeric.cultura.gov.it\/?s={search_term_string}\"},\"query-input\":\"required name=search_term_string\"}],\"inLanguage\":\"en-GB\"}]}<\/script>\n<!-- \/ Yoast SEO plugin. -->","yoast_head_json":{"title":"FAQ circolare DGERIC n. 69 del 20 dicembre 2024 - Direzione Generale Educazione, ricerca e istituti culturali","description":"Faq relative alla circolare circolari DG-ERIC recanti \u201cNorme per l'ammissione ai contributi statali annuali previsti dall'art.8 della legge 17 ottobre 1996, n. 543\"","robots":{"index":"index","follow":"follow","max-snippet":"max-snippet:-1","max-image-preview":"max-image-preview:large","max-video-preview":"max-video-preview:-1"},"canonical":"https:\/\/dgeric.cultura.gov.it\/en\/faq-circolare-dg-eric-contributi-annuali\/","og_locale":"en_GB","og_type":"article","og_title":"FAQ circolare DGERIC n. 69 del 20 dicembre 2024 - Direzione Generale Educazione, ricerca e istituti culturali","og_description":"Faq relative alla circolare circolari DG-ERIC recanti \u201cNorme per l'ammissione ai contributi statali annuali previsti dall'art.8 della legge 17 ottobre 1996, n. 543\"","og_url":"https:\/\/dgeric.cultura.gov.it\/en\/faq-circolare-dg-eric-contributi-annuali\/","og_site_name":"Direzione Generale Educazione, ricerca e istituti culturali","article_publisher":"https:\/\/www.facebook.com\/dger.web","article_modified_time":"2024-12-23T14:06:49+00:00","og_image":[{"width":2136,"height":1396,"url":"https:\/\/dgeric.cultura.gov.it\/wp-content\/uploads\/2023\/04\/sito-09.png","type":"image\/png"}],"twitter_card":"summary_large_image","twitter_misc":{"Estimated reading time":"8 minutes"},"schema":{"@context":"https:\/\/schema.org","@graph":[{"@type":"WebPage","@id":"https:\/\/dgeric.cultura.gov.it\/faq-circolare-dg-eric-contributi-annuali\/","url":"https:\/\/dgeric.cultura.gov.it\/faq-circolare-dg-eric-contributi-annuali\/","name":"FAQ circolare DGERIC n. 69 del 20 dicembre 2024 - Direzione Generale Educazione, ricerca e istituti culturali","isPartOf":{"@id":"https:\/\/dgeric.cultura.gov.it\/#website"},"datePublished":"2021-10-13T08:46:15+00:00","dateModified":"2024-12-23T14:06:49+00:00","description":"Faq relative alla circolare circolari DG-ERIC recanti \u201cNorme per l'ammissione ai contributi statali annuali previsti dall'art.8 della legge 17 ottobre 1996, n. 543\"","breadcrumb":{"@id":"https:\/\/dgeric.cultura.gov.it\/faq-circolare-dg-eric-contributi-annuali\/#breadcrumb"},"inLanguage":"en-GB","potentialAction":[{"@type":"ReadAction","target":["https:\/\/dgeric.cultura.gov.it\/faq-circolare-dg-eric-contributi-annuali\/"]}]},{"@type":"BreadcrumbList","@id":"https:\/\/dgeric.cultura.gov.it\/faq-circolare-dg-eric-contributi-annuali\/#breadcrumb","itemListElement":[{"@type":"ListItem","position":1,"name":"Home","item":"https:\/\/dgeric.cultura.gov.it\/"},{"@type":"ListItem","position":2,"name":"FAQ circolare DGERIC n. 69 del 20 dicembre 2024"}]},{"@type":"WebSite","@id":"https:\/\/dgeric.cultura.gov.it\/#website","url":"https:\/\/dgeric.cultura.gov.it\/","name":"Direzione Generale Educazione, ricerca e istituti culturali","description":"Il nuovo sito web della Direzione generale Educazione, ricerca e istituti culturali del Ministero della cultura","alternateName":"dgeric","potentialAction":[{"@type":"SearchAction","target":{"@type":"EntryPoint","urlTemplate":"https:\/\/dgeric.cultura.gov.it\/?s={search_term_string}"},"query-input":"required name=search_term_string"}],"inLanguage":"en-GB"}]}},"_links":{"self":[{"href":"https:\/\/dgeric.cultura.gov.it\/en\/wp-json\/wp\/v2\/pages\/9008","targetHints":{"allow":["GET"]}}],"collection":[{"href":"https:\/\/dgeric.cultura.gov.it\/en\/wp-json\/wp\/v2\/pages"}],"about":[{"href":"https:\/\/dgeric.cultura.gov.it\/en\/wp-json\/wp\/v2\/types\/page"}],"author":[{"embeddable":true,"href":"https:\/\/dgeric.cultura.gov.it\/en\/wp-json\/wp\/v2\/users\/1"}],"replies":[{"embeddable":true,"href":"https:\/\/dgeric.cultura.gov.it\/en\/wp-json\/wp\/v2\/comments?post=9008"}],"version-history":[{"count":37,"href":"https:\/\/dgeric.cultura.gov.it\/en\/wp-json\/wp\/v2\/pages\/9008\/revisions"}],"predecessor-version":[{"id":27885,"href":"https:\/\/dgeric.cultura.gov.it\/en\/wp-json\/wp\/v2\/pages\/9008\/revisions\/27885"}],"wp:attachment":[{"href":"https:\/\/dgeric.cultura.gov.it\/en\/wp-json\/wp\/v2\/media?parent=9008"}],"curies":[{"name":"wp","href":"https:\/\/api.w.org\/{rel}","templated":true}]}}