{"id":9502,"date":"2021-11-16T11:03:03","date_gmt":"2021-11-16T10:03:03","guid":{"rendered":"https:\/\/dger.beniculturali.it\/?page_id=9502"},"modified":"2021-11-16T11:03:03","modified_gmt":"2021-11-16T10:03:03","slug":"complesso-silvestri-rivaldi","status":"publish","type":"page","link":"https:\/\/dgeric.cultura.gov.it\/en\/formazione\/cantieri-scuola\/complesso-silvestri-rivaldi\/","title":{"rendered":"Complesso Silvestri-Rivaldi"},"content":{"rendered":"<p>Nel febbraio del 2018 la Direzione Generale Educazione e Ricerca, oggi Direzione generale Educazione, ricerca e istituti culturali del Ministero della Cultura, ha stipulato un <strong>accordo per il recupero, la rifunzionalizzazione e la valorizzazione di \u201cPalazzo Silvestri Rivaldi\u201d<\/strong> con gli <a href=\"https:\/\/ismaroma.it\/\">Istituti di Santa Maria in Aquiro<\/a> (ISMA), ente proprietario del complesso, la<a href=\"https:\/\/www.soprintendenzaspecialeroma.it\/\"> Special Superintendence of Archaeology, Fine Arts and Landscape of Rome<\/a> and the<a href=\"https:\/\/www.agenziademanio.it\/opencms\/it\/\">Agenzia del Demanio<\/a> .<\/p>\n<p>Dopo aver preso in consegna il palazzo, la Direzione ha dato avvio ad una fase di studi e ricerche finalizzate alla conoscenza del sito, supportando ed offrendo azioni formative attive, attraverso il coordinamento di una serie di <strong>cantieri-scuola<\/strong>. \u00a0Esperienze che, grazie a convenzioni e accordi con Universit\u00e0 e Istituti di Ricerca, hanno permesso di ampliare il livello di conoscenza del sito.<\/p>\n<p>Dal dicembre 2018 al gennaio 2020 \u00e8 stato, inoltre, attivo un Tavolo tecnico per il coordinamento di tutte le attivit\u00e0 connesse alla redazione di studi, ricerche e progetti relativi al Palazzo; ne hanno fatto parte membri della DG-ERIC, della SSABAP di Roma e della Sovrintendenza Capitolina ai Beni Culturali.<\/p>\n<p>Contestualmente sono stati approntati interventi di messa in sicurezza per tetti e coperture del Palazzo e condotte visite per addetti ai lavori e non che hanno consentito un iniziale diffusione della conoscenza del complesso in attesa di una sua apertura al pubblico.<\/p>\n<p>La Direzione ha anche presentato <strong><a href=\"https:\/\/dgeric.cultura.gov.it\/en\/ricerca\/progetto-ad-templum-pacis\/\">il progetto <em>AD TEMPLVM PACIS<\/em><\/a>: Progetto integrato di gestione, fruizione e valorizzazione di villa Silvestri-Rivaldi in via del Colosseo a Roma, attraverso l\u2019avvio di cantieri-scuola replicabili in altri tre siti della Regione Lazio;<\/strong>\u00a0vincitore del Bando di Ricerca e sviluppo di Tecnologie per la Valorizzazione del Patrimonio Culturale della Regione Lazio.<\/p>\n<h5><strong>2018-2021 Attivit\u00e0 didattiche e di ricerca<\/strong><\/h5>\n<p>Le attivit\u00e0 svolte in Palazzo Silvestri Rivaldi, compresa l\u2019assegnazione di diverse tesi di laurea incentrate sul complesso, hanno permesso di approfondire la relazione del sito con le preesistenze archeologiche di I secolo; analizzare la complessit\u00e0 delle fasi architettoniche, anche attraverso rilievi stratigrafici, indagini ed esplorazione di cunicoli e sotterranei; scoprire apparati decorativi precedentemente ignoti; condurre ricerche archivistiche; produrre video didattici.<\/p>\n<p>Grazie al paziente lavoro di studenti e \u201caddetti ai lavori\u201d le sale del piano nobile ed in particolare la cosiddetta <em>Sala delle Divinit\u00e0<\/em>, ambiente di rappresentanza collocato all&#8217;ingresso del palazzo, hanno rivelato apparati cinquecenteschi originari pressoch\u00e9 integri, in buone condizioni di conservazione e di grande importanza, oltrech\u00e9 inediti.<\/p>\n<h5><strong>Il complesso Sivestri-Rivaldi in breve<\/strong><\/h5>\n<p>Il complesso Silvestri-Rivaldi \u00e8 situato a Roma tra le vie del Colosseo, del Tempio della Pace e dei Fori Imperiali, a pochi passi dall\u2019anfiteatro Flavio. Si estende per 4500 mq circa coperti e 2500 mq circa tra giardini e corti esterne, adagiati sulla porzione oggi residua dell\u2019antica \u201ccollina\u201d Velia; il suo sbancamento, per realizzare via dei Fori Imperiali, allora via dell\u2019Impero (1931-32), ha ridotto di oltre la met\u00e0 lo spazio esterno della villa.<\/p>\n<p>L\u2019area venne acquistata nel 1542 dal prelato Eurialo Silvestri da Cingoli, cameriere privato di Papa Paolo III Farnese, quando era una semplice \u201cdomuncula\u201d e trasformata, su progetto attribuito ad Antonio da Sangallo il Giovane, in una grande residenza.<\/p>\n<p>Il palazzo, che sorge su preesistenze romane, fu abitato per circa un secolo da altri importanti religiosi e non; tra questi Alessandro Medici, Marzio Colonna, Lanfranco Margotti e Carlo Emanuele Pio. Nel 1660 pass\u00f2 al Conservatorio delle Mendicanti, fondato a Roma nel 1640 per impulso di carit\u00e0 privata da Monsignor Ascanio Rivaldi. Lo stesso che nel 1680 elarg\u00ec una rilevante donazione anche per il Palazzo, come testimonia una targa in marmo posta nell\u2019atrio d\u2019ingresso del piano nobile.<\/p>\n<p>A questi anni risalgono i vasti ampliamenti e la sopraelevazione dei corpi di fabbrica, destinati ad ospitare sino a 120 donne, impiegate nella lavorazione della lana, e la copertura, con anonime ridipinture a specchiature, degli affreschi rinascimentali, che mal si accordavano con la nuova funzione del complesso. Le decorazioni delle tre sale principali al piano nobile, coperte da ricchi cassettonati, sono attribuite alla bottega di Perin del Vaga e a Francesco Salviati.<\/p>\n<p>I giardini, un tempo ricchi di fontane, giochi d\u2019acqua, rampe e passaggi, collegavano il complesso, senza soluzione di continuit\u00e0, con gli Horti Farnesiani, oggi dall\u2019altro lato di via dei Fori Imperiali; i giardini sono attribuiti all\u2019intervento di Jacopo del Duca e poi ampliati verosimilmente da Giovanni Vasanzio ad inizio \u2018600 per il cardinal Margotti.<\/p>\n<p>Le numerose vicende storiche e le diverse destinazioni d\u2019uso consegnano oggi un edificio complesso, che raggiunge in alcuni corpi di fabbrica anche i cinque livelli; palinsesto di numerose stratigrafie e fasi storiche.<\/p>\n<p>Due ampi cortili si aprono tra i diversi corpi di fabbrica; l\u2019ultimo edificio, realizzato su progetto del 1909 su un unico livello, chiude il lato su via del Colosseo della corte minore.<\/p>\n<h5><strong>Il complesso oggi<\/strong><\/h5>\n<p>Dal 1975 il complesso \u00e8 di propriet\u00e0 degli Istituti di Santa Maria in Aquiro. A cavallo degli anni 1970-80 era conosciuto come il \u201cConvento occupato\u201d; importante esperienza collettiva e centro culturale in cui si svolsero concerti, mostre e numerose altre iniziative.<\/p>\n<p>Dai primi anni 2000 ad oggi si sono effettuati vari interventi nel complesso: scavi archeologici; restauri che ne hanno garantito l\u2019agibilit\u00e0; saggi di restauro che hanno permesso di scoprire le decorazioni sottostanti agli intonaci di et\u00e0 conventuale.<\/p>\n<p>Il 15 ottobre 2021 \u00e8 stato firmato un accordo per la valorizzazione e la ristrutturazione del Palazzo tra Regione Lazio e Ministero della Cultura; il Ministero si \u00e8 impegnato a restaurarlo in vista di una prima apertura al pubblico per il Giubileo del 2025 (<a href=\"https:\/\/www.beniculturali.it\/comunicato\/21436\">comunicato MiC<\/a>).<\/p>\n<h5><strong>Read more<\/strong><\/h5>\n<p><a href=\"https:\/\/dger.beniculturali.it\/en\/formazione\/cantieri-scuola\/complesso-silvestri-rivaldi\/il-restauro-della-sala-delle-divinita\/\"><strong>Il RESTAURO DELLA SALA DELLE DIVINIT\u00c0<\/strong><\/a><\/p>\n<p>&nbsp;<\/p>\n<p>&nbsp;<\/p>\n<p>&nbsp;<\/p>","protected":false},"excerpt":{"rendered":"<p>Nel febbraio del 2018 la Direzione Generale Educazione e Ricerca, oggi Direzione generale Educazione, ricerca e istituti culturali del Ministero della Cultura, ha stipulato un &#8230; <\/p>","protected":false},"author":1,"featured_media":0,"parent":9396,"menu_order":0,"comment_status":"closed","ping_status":"closed","template":"","meta":{"footnotes":""},"class_list":["post-9502","page","type-page","status-publish","hentry"],"acf":[],"yoast_head":"<!-- This site is optimized with the Yoast SEO plugin v23.3 - https:\/\/yoast.com\/wordpress\/plugins\/seo\/ -->\n<title>Complesso Silvestri-Rivaldi - Direzione Generale Educazione, ricerca e istituti culturali<\/title>\n<meta name=\"description\" content=\"Pagina dedicata alle attivit\u00e0 formative e di valorizzazione attuate presso il Complesso Silvestri-Rivaldi a Roma a cura della DG-ERIC.\" \/>\n<meta name=\"robots\" content=\"index, follow, max-snippet:-1, max-image-preview:large, max-video-preview:-1\" \/>\n<link rel=\"canonical\" href=\"https:\/\/dgeric.cultura.gov.it\/en\/formazione\/cantieri-scuola\/complesso-silvestri-rivaldi\/\" \/>\n<meta property=\"og:locale\" content=\"en_GB\" \/>\n<meta property=\"og:type\" content=\"article\" \/>\n<meta property=\"og:title\" content=\"Complesso Silvestri-Rivaldi - Direzione Generale Educazione, ricerca e istituti culturali\" \/>\n<meta property=\"og:description\" content=\"Pagina dedicata alle attivit\u00e0 formative e di valorizzazione attuate presso il Complesso Silvestri-Rivaldi a Roma a cura della DG-ERIC.\" \/>\n<meta property=\"og:url\" content=\"https:\/\/dgeric.cultura.gov.it\/en\/formazione\/cantieri-scuola\/complesso-silvestri-rivaldi\/\" \/>\n<meta property=\"og:site_name\" content=\"Direzione Generale Educazione, ricerca e istituti culturali\" \/>\n<meta property=\"article:publisher\" content=\"https:\/\/www.facebook.com\/dger.web\" \/>\n<meta property=\"og:image\" content=\"https:\/\/dgeric.cultura.gov.it\/wp-content\/uploads\/2023\/04\/sito-09.png\" \/>\n\t<meta property=\"og:image:width\" content=\"2136\" \/>\n\t<meta property=\"og:image:height\" content=\"1396\" \/>\n\t<meta property=\"og:image:type\" content=\"image\/png\" \/>\n<meta name=\"twitter:card\" content=\"summary_large_image\" \/>\n<meta name=\"twitter:label1\" content=\"Estimated reading time\" \/>\n\t<meta name=\"twitter:data1\" content=\"5 minutes\" \/>\n<script type=\"application\/ld+json\" class=\"yoast-schema-graph\">{\"@context\":\"https:\/\/schema.org\",\"@graph\":[{\"@type\":\"WebPage\",\"@id\":\"https:\/\/dgeric.cultura.gov.it\/formazione\/cantieri-scuola\/complesso-silvestri-rivaldi\/\",\"url\":\"https:\/\/dgeric.cultura.gov.it\/formazione\/cantieri-scuola\/complesso-silvestri-rivaldi\/\",\"name\":\"Complesso Silvestri-Rivaldi - Direzione Generale Educazione, ricerca e istituti culturali\",\"isPartOf\":{\"@id\":\"https:\/\/dgeric.cultura.gov.it\/#website\"},\"datePublished\":\"2021-11-16T10:03:03+00:00\",\"dateModified\":\"2021-11-16T10:03:03+00:00\",\"description\":\"Pagina dedicata alle attivit\u00e0 formative e di valorizzazione attuate presso il Complesso Silvestri-Rivaldi a Roma a cura della DG-ERIC.\",\"breadcrumb\":{\"@id\":\"https:\/\/dgeric.cultura.gov.it\/formazione\/cantieri-scuola\/complesso-silvestri-rivaldi\/#breadcrumb\"},\"inLanguage\":\"en-GB\",\"potentialAction\":[{\"@type\":\"ReadAction\",\"target\":[\"https:\/\/dgeric.cultura.gov.it\/formazione\/cantieri-scuola\/complesso-silvestri-rivaldi\/\"]}]},{\"@type\":\"BreadcrumbList\",\"@id\":\"https:\/\/dgeric.cultura.gov.it\/formazione\/cantieri-scuola\/complesso-silvestri-rivaldi\/#breadcrumb\",\"itemListElement\":[{\"@type\":\"ListItem\",\"position\":1,\"name\":\"Home\",\"item\":\"https:\/\/dgeric.cultura.gov.it\/\"},{\"@type\":\"ListItem\",\"position\":2,\"name\":\"Formazione\",\"item\":\"https:\/\/dgeric.cultura.gov.it\/formazione\/\"},{\"@type\":\"ListItem\",\"position\":3,\"name\":\"Cantieri-scuola\",\"item\":\"https:\/\/dgeric.cultura.gov.it\/formazione\/cantieri-scuola\/\"},{\"@type\":\"ListItem\",\"position\":4,\"name\":\"Complesso Silvestri-Rivaldi\"}]},{\"@type\":\"WebSite\",\"@id\":\"https:\/\/dgeric.cultura.gov.it\/#website\",\"url\":\"https:\/\/dgeric.cultura.gov.it\/\",\"name\":\"Direzione Generale Educazione, ricerca e istituti culturali\",\"description\":\"Il nuovo sito web della Direzione generale Educazione, ricerca e istituti culturali del Ministero della cultura\",\"alternateName\":\"dgeric\",\"potentialAction\":[{\"@type\":\"SearchAction\",\"target\":{\"@type\":\"EntryPoint\",\"urlTemplate\":\"https:\/\/dgeric.cultura.gov.it\/?s={search_term_string}\"},\"query-input\":\"required name=search_term_string\"}],\"inLanguage\":\"en-GB\"}]}<\/script>\n<!-- \/ Yoast SEO plugin. -->","yoast_head_json":{"title":"Complesso Silvestri-Rivaldi - Direzione Generale Educazione, ricerca e istituti culturali","description":"Pagina dedicata alle attivit\u00e0 formative e di valorizzazione attuate presso il Complesso Silvestri-Rivaldi a Roma a cura della DG-ERIC.","robots":{"index":"index","follow":"follow","max-snippet":"max-snippet:-1","max-image-preview":"max-image-preview:large","max-video-preview":"max-video-preview:-1"},"canonical":"https:\/\/dgeric.cultura.gov.it\/en\/formazione\/cantieri-scuola\/complesso-silvestri-rivaldi\/","og_locale":"en_GB","og_type":"article","og_title":"Complesso Silvestri-Rivaldi - Direzione Generale Educazione, ricerca e istituti culturali","og_description":"Pagina dedicata alle attivit\u00e0 formative e di valorizzazione attuate presso il Complesso Silvestri-Rivaldi a Roma a cura della DG-ERIC.","og_url":"https:\/\/dgeric.cultura.gov.it\/en\/formazione\/cantieri-scuola\/complesso-silvestri-rivaldi\/","og_site_name":"Direzione Generale Educazione, ricerca e istituti culturali","article_publisher":"https:\/\/www.facebook.com\/dger.web","og_image":[{"width":2136,"height":1396,"url":"https:\/\/dgeric.cultura.gov.it\/wp-content\/uploads\/2023\/04\/sito-09.png","type":"image\/png"}],"twitter_card":"summary_large_image","twitter_misc":{"Estimated reading time":"5 minutes"},"schema":{"@context":"https:\/\/schema.org","@graph":[{"@type":"WebPage","@id":"https:\/\/dgeric.cultura.gov.it\/formazione\/cantieri-scuola\/complesso-silvestri-rivaldi\/","url":"https:\/\/dgeric.cultura.gov.it\/formazione\/cantieri-scuola\/complesso-silvestri-rivaldi\/","name":"Complesso Silvestri-Rivaldi - Direzione Generale Educazione, ricerca e istituti culturali","isPartOf":{"@id":"https:\/\/dgeric.cultura.gov.it\/#website"},"datePublished":"2021-11-16T10:03:03+00:00","dateModified":"2021-11-16T10:03:03+00:00","description":"Pagina dedicata alle attivit\u00e0 formative e di valorizzazione attuate presso il Complesso Silvestri-Rivaldi a Roma a cura della DG-ERIC.","breadcrumb":{"@id":"https:\/\/dgeric.cultura.gov.it\/formazione\/cantieri-scuola\/complesso-silvestri-rivaldi\/#breadcrumb"},"inLanguage":"en-GB","potentialAction":[{"@type":"ReadAction","target":["https:\/\/dgeric.cultura.gov.it\/formazione\/cantieri-scuola\/complesso-silvestri-rivaldi\/"]}]},{"@type":"BreadcrumbList","@id":"https:\/\/dgeric.cultura.gov.it\/formazione\/cantieri-scuola\/complesso-silvestri-rivaldi\/#breadcrumb","itemListElement":[{"@type":"ListItem","position":1,"name":"Home","item":"https:\/\/dgeric.cultura.gov.it\/"},{"@type":"ListItem","position":2,"name":"Formazione","item":"https:\/\/dgeric.cultura.gov.it\/formazione\/"},{"@type":"ListItem","position":3,"name":"Cantieri-scuola","item":"https:\/\/dgeric.cultura.gov.it\/formazione\/cantieri-scuola\/"},{"@type":"ListItem","position":4,"name":"Complesso Silvestri-Rivaldi"}]},{"@type":"WebSite","@id":"https:\/\/dgeric.cultura.gov.it\/#website","url":"https:\/\/dgeric.cultura.gov.it\/","name":"Direzione Generale Educazione, ricerca e istituti culturali","description":"Il nuovo sito web della Direzione generale Educazione, ricerca e istituti culturali del Ministero della cultura","alternateName":"dgeric","potentialAction":[{"@type":"SearchAction","target":{"@type":"EntryPoint","urlTemplate":"https:\/\/dgeric.cultura.gov.it\/?s={search_term_string}"},"query-input":"required name=search_term_string"}],"inLanguage":"en-GB"}]}},"_links":{"self":[{"href":"https:\/\/dgeric.cultura.gov.it\/en\/wp-json\/wp\/v2\/pages\/9502","targetHints":{"allow":["GET"]}}],"collection":[{"href":"https:\/\/dgeric.cultura.gov.it\/en\/wp-json\/wp\/v2\/pages"}],"about":[{"href":"https:\/\/dgeric.cultura.gov.it\/en\/wp-json\/wp\/v2\/types\/page"}],"author":[{"embeddable":true,"href":"https:\/\/dgeric.cultura.gov.it\/en\/wp-json\/wp\/v2\/users\/1"}],"replies":[{"embeddable":true,"href":"https:\/\/dgeric.cultura.gov.it\/en\/wp-json\/wp\/v2\/comments?post=9502"}],"version-history":[{"count":0,"href":"https:\/\/dgeric.cultura.gov.it\/en\/wp-json\/wp\/v2\/pages\/9502\/revisions"}],"up":[{"embeddable":true,"href":"https:\/\/dgeric.cultura.gov.it\/en\/wp-json\/wp\/v2\/pages\/9396"}],"wp:attachment":[{"href":"https:\/\/dgeric.cultura.gov.it\/en\/wp-json\/wp\/v2\/media?parent=9502"}],"curies":[{"name":"wp","href":"https:\/\/api.w.org\/{rel}","templated":true}]}}